{"id":182,"date":"2019-12-16T11:29:54","date_gmt":"2019-12-16T11:29:54","guid":{"rendered":"https:\/\/associacioreach.org\/?page_id=182"},"modified":"2022-09-14T15:51:54","modified_gmt":"2022-09-14T15:51:54","slug":"home-3","status":"publish","type":"page","link":"https:\/\/associacioreach.org\/ca\/","title":{"rendered":"Associaci\u00f3 Reach &#8211; Contra l&#8217;Ab\u00fas Sexual Infantil"},"content":{"rendered":"<p>[vc_row full_width=&#8221;stretch_row_content_no_spaces&#8221; content_placement=&#8221;middle&#8221; disable_element=&#8221;yes&#8221; css=&#8221;.vc_custom_1657526941348{background-color: #fae2a8 !important;}&#8221;][vc_column css_animation=&#8221;left-to-right&#8221; css=&#8221;.vc_custom_1575633000367{margin: 32px !important;padding: 32px !important;border: 32px initial !important;}&#8221;][vc_empty_space][vc_row_inner content_placement=&#8221;middle&#8221;][vc_column_inner width=&#8221;1\/2&#8243;][vc_column_text]<\/p>\n<h1 style=\"text-align: left;\"><span style=\"color: #fecd08;\"><strong>COL\u00b7LABORA EN EL PROJECTE<\/strong><\/span><\/h1>\n<p>[\/vc_column_text][vc_separator color=&#8221;custom&#8221; border_width=&#8221;4&#8243; css_animation=&#8221;right-to-left&#8221; css=&#8221;.vc_custom_1575633038935{margin-top: 3px !important;margin-right: 3px !important;margin-bottom: 3px !important;margin-left: 3px !important;padding-top: 3px !important;padding-right: 3px !important;padding-bottom: 3px !important;padding-left: 3px !important;}&#8221; accent_color=&#8221;#fecd08&#8243;][vc_empty_space height=&#8221;15px&#8221;][vc_column_text]<\/p>\n<h3><span style=\"color: #000000;\">Quadern d&#8217;exercicis il.lustrat i conte infantil amb guia per a l&#8217;apoderament i prevenci\u00f3 de l&#8217;ab\u00fas sexual infantil a trav\u00e9s de les emocions.<\/span><\/h3>\n<p>[\/vc_column_text][vc_column_text]<\/p>\n<h2 class=\"project-hero__title\"><span style=\"color: #000000;\">El planetari de les Emocions. Anna i la bombolla protectora. Biel i la seva cuirassa.<\/span><\/h2>\n<p>[\/vc_column_text][vc_btn title=&#8221;<b>VULL COL\u00b7LABORAR AL VERKAMI<\/b>&#8221; style=&#8221;outline-custom&#8221; outline_custom_color=&#8221;#000000&#8243; outline_custom_hover_background=&#8221;#fecd08&#8243; outline_custom_hover_text=&#8221;#ffffff&#8221; shape=&#8221;round&#8221; size=&#8221;lg&#8221; align=&#8221;center&#8221; button_block=&#8221;true&#8221; link=&#8221;url:https%3A%2F%2Fwww.verkami.com%2Fprojects%2F33087-el-planetari-de-les-emocions-anna-i-la-bombolla-protectora-biel-i-la-seva-cuirassa||target:%20_blank|&#8221;][\/vc_column_inner][vc_column_inner width=&#8221;1\/2&#8243;][vc_single_image image=&#8221;677&#8243; img_size=&#8221;full&#8221; alignment=&#8221;center&#8221;][\/vc_column_inner][\/vc_row_inner][\/vc_column][\/vc_row][vc_row full_width=&#8221;stretch_row_content_no_spaces&#8221; full_height=&#8221;yes&#8221; columns_placement=&#8221;top&#8221; content_placement=&#8221;top&#8221; parallax=&#8221;content-moving-fade&#8221; parallax_image=&#8221;342&#8243; parallax_speed_bg=&#8221;1&#8243;][vc_column css_animation=&#8221;left-to-right&#8221; css=&#8221;.vc_custom_1575633000367{margin: 32px !important;padding: 32px !important;border: 32px initial !important;}&#8221;][vc_empty_space height=&#8221;250px&#8221;][vc_row_inner][vc_column_inner width=&#8221;1\/3&#8243;][vc_column_text]<\/p>\n<h1 style=\"text-align: left;\"><strong><span style=\"color: #000000;\">PER UNA INF\u00c0NCIA PROTEGIDA<\/span><\/strong><\/h1>\n<p>[\/vc_column_text][vc_separator color=&#8221;custom&#8221; border_width=&#8221;4&#8243; css_animation=&#8221;right-to-left&#8221; css=&#8221;.vc_custom_1575633038935{margin-top: 3px !important;margin-right: 3px !important;margin-bottom: 3px !important;margin-left: 3px !important;padding-top: 3px !important;padding-right: 3px !important;padding-bottom: 3px !important;padding-left: 3px !important;}&#8221; accent_color=&#8221;#fecd08&#8243;][\/vc_column_inner][vc_column_inner width=&#8221;1\/3&#8243;][\/vc_column_inner][vc_column_inner width=&#8221;1\/3&#8243;][\/vc_column_inner][\/vc_row_inner][\/vc_column][\/vc_row][vc_row css=&#8221;.vc_custom_1575627063813{margin: 0px !important;padding: 0px !important;border: 0px initial !important;}&#8221;][vc_column][vc_row_inner][vc_column_inner width=&#8221;1\/4&#8243;][\/vc_column_inner][vc_column_inner width=&#8221;1\/2&#8243;][vc_column_text css=&#8221;.vc_custom_1575627349022{margin-top: 0px !important;margin-right: 0px !important;margin-bottom: 0px !important;margin-left: 0px !important;padding-top: 3px !important;padding-right: 3px !important;padding-bottom: 3px !important;padding-left: 3px !important;}&#8221;]<\/p>\n<h3 style=\"text-align: center;\"><span style=\"color: #000000;\">Qu\u00e8 \u00e9s l&#8217;ab\u00fas sexual infantil?<\/span><\/h3>\n<p>[\/vc_column_text][vc_separator color=&#8221;custom&#8221; border_width=&#8221;2&#8243; css_animation=&#8221;fadeInLeft&#8221; css=&#8221;.vc_custom_1576578254939{margin-top: 3px !important;margin-right: 3px !important;margin-bottom: 3px !important;margin-left: 3px !important;padding-top: 3px !important;padding-right: 3px !important;padding-bottom: 3px !important;padding-left: 3px !important;}&#8221; accent_color=&#8221;#fecd08&#8243;][vc_column_text css=&#8221;.vc_custom_1579262336722{margin-top: 3px !important;margin-right: 3px !important;margin-bottom: 3px !important;margin-left: 3px !important;padding-top: 3px !important;padding-right: 3px !important;padding-bottom: 3px !important;padding-left: 3px !important;}&#8221;]Qualsevol conducta de naturalesa sexual en la que hi ha un proc\u00e9s de manipulaci\u00f3 i coerci\u00f3. Es dona una relaci\u00f3 d\u2019asimetria d\u2019edat, de poder i de falta de consentiment, ja sigui per q\u00fcesti\u00f3 de maduresa emocional, d\u2019edat i\/o de capacitat cognitiva, en la que la persona abusadora \u00a0busca la seva pr\u00f2pia gratificaci\u00f3.[\/vc_column_text][vc_empty_space height=&#8221;20px&#8221;][\/vc_column_inner][vc_column_inner width=&#8221;1\/4&#8243;][\/vc_column_inner][\/vc_row_inner][vc_row_inner][vc_column_inner width=&#8221;1\/4&#8243;][\/vc_column_inner][vc_column_inner width=&#8221;1\/2&#8243;][vc_column_text css=&#8221;.vc_custom_1576750986259{margin-top: 0px !important;margin-right: 0px !important;margin-bottom: 0px !important;margin-left: 0px !important;padding-top: 3px !important;padding-right: 3px !important;padding-bottom: 3px !important;padding-left: 3px !important;}&#8221;]<\/p>\n<h3 style=\"text-align: center;\"><span style=\"color: #000000;\">Formaci\u00f3 i prevenci\u00f3 de l&#8217;ab\u00fas sexual infantil?<\/span><\/h3>\n<p>[\/vc_column_text][vc_separator color=&#8221;custom&#8221; border_width=&#8221;2&#8243; css_animation=&#8221;fadeInLeft&#8221; css=&#8221;.vc_custom_1576578254939{margin-top: 3px !important;margin-right: 3px !important;margin-bottom: 3px !important;margin-left: 3px !important;padding-top: 3px !important;padding-right: 3px !important;padding-bottom: 3px !important;padding-left: 3px !important;}&#8221; accent_color=&#8221;#fecd08&#8243;][\/vc_column_inner][vc_column_inner width=&#8221;1\/4&#8243;][\/vc_column_inner][\/vc_row_inner][vc_row_inner][vc_column_inner width=&#8221;1\/2&#8243;][vc_hoverbox image=&#8221;97&#8243; primary_title=&#8221;&#8221; hover_title=&#8221;Tallers de Prevenci\u00f3&#8221; hover_background_color=&#8221;custom&#8221; hover_btn_title=&#8221;Saber m\u00e9s&#8221; hover_btn_style=&#8221;outline&#8221; hover_btn_color=&#8221;black&#8221; hover_btn_i_type=&#8221;linecons&#8221; hover_btn_i_icon_linecons=&#8221;vc_li vc_li-pen&#8221; hover_add_button=&#8221;true&#8221; hover_btn_add_icon=&#8221;true&#8221; hover_custom_background=&#8221;#fecd08&#8243; hover_btn_link=&#8221;url:https%3A%2F%2Fassociacioreach.org%2Ftallers-formacio-prevencio%2F%23prevencio|title:FORMACI%C3%93%20I%20PREVENCI%C3%93||&#8221;][\/vc_hoverbox][\/vc_column_inner][vc_column_inner width=&#8221;1\/2&#8243;][vc_hoverbox image=&#8221;75&#8243; primary_title=&#8221;&#8221; hover_title=&#8221;Tallers de Formaci\u00f3&#8221; hover_background_color=&#8221;custom&#8221; hover_btn_title=&#8221;Saber m\u00e9s&#8221; hover_btn_style=&#8221;outline&#8221; hover_btn_color=&#8221;black&#8221; hover_btn_i_type=&#8221;linecons&#8221; hover_btn_i_icon_linecons=&#8221;vc_li vc_li-megaphone&#8221; hover_add_button=&#8221;true&#8221; hover_btn_add_icon=&#8221;true&#8221; hover_custom_background=&#8221;#fecd08&#8243; hover_btn_link=&#8221;url:https%3A%2F%2Fassociacioreach.org%2Ftallers-formacio-prevencio%2F%23formacio|title:FORMACI%C3%93%20I%20PREVENCI%C3%93||&#8221;][\/vc_hoverbox][\/vc_column_inner][\/vc_row_inner][vc_empty_space height=&#8221;10px&#8221;][vc_row_inner][vc_column_inner width=&#8221;1\/4&#8243;][\/vc_column_inner][vc_column_inner width=&#8221;1\/2&#8243;][vc_column_text css=&#8221;.vc_custom_1575631867772{margin-top: 0px !important;margin-right: 0px !important;margin-bottom: 0px !important;margin-left: 0px !important;padding-top: 3px !important;padding-right: 3px !important;padding-bottom: 3px !important;padding-left: 3px !important;}&#8221;]<\/p>\n<h3 style=\"text-align: center;\"><span style=\"color: #000000;\">Vols col\u00b7laborar amb nosaltres?<\/span><\/h3>\n<p>[\/vc_column_text][vc_separator color=&#8221;custom&#8221; border_width=&#8221;2&#8243; css_animation=&#8221;fadeInLeft&#8221; css=&#8221;.vc_custom_1576578278190{margin-top: 3px !important;margin-right: 3px !important;margin-bottom: 3px !important;margin-left: 3px !important;padding-top: 3px !important;padding-right: 3px !important;padding-bottom: 3px !important;padding-left: 3px !important;}&#8221; accent_color=&#8221;#fecd08&#8243;][\/vc_column_inner][vc_column_inner width=&#8221;1\/4&#8243;][\/vc_column_inner][\/vc_row_inner][vc_row_inner][vc_column_inner width=&#8221;1\/3&#8243;][vc_hoverbox image=&#8221;303&#8243; primary_title=&#8221;&#8221; hover_title=&#8221;Voluntariat&#8221; hover_background_color=&#8221;custom&#8221; hover_btn_title=&#8221;Saber m\u00e9s&#8221; hover_btn_style=&#8221;outline&#8221; hover_btn_color=&#8221;black&#8221; hover_btn_i_type=&#8221;linecons&#8221; hover_btn_i_icon_linecons=&#8221;vc_li vc_li-world&#8221; hover_add_button=&#8221;true&#8221; hover_btn_add_icon=&#8221;true&#8221; hover_custom_background=&#8221;#fecd08&#8243; hover_btn_link=&#8221;url:https%3A%2F%2Fassociacioreach.org%2Fcollabora%2F%23voluntari|title:COL%C2%B7LABORA%20AMB%20NOSALTRES||&#8221;][\/vc_hoverbox][\/vc_column_inner][vc_column_inner width=&#8221;1\/3&#8243;][vc_hoverbox image=&#8221;80&#8243; primary_title=&#8221;&#8221; hover_title=&#8221;Reach Ambassador&#8221; hover_background_color=&#8221;custom&#8221; hover_btn_title=&#8221;Saber m\u00e9s&#8221; hover_btn_style=&#8221;outline&#8221; hover_btn_color=&#8221;black&#8221; hover_btn_i_type=&#8221;linecons&#8221; hover_btn_i_icon_linecons=&#8221;vc_li vc_li-like&#8221; hover_add_button=&#8221;true&#8221; hover_btn_add_icon=&#8221;true&#8221; hover_custom_background=&#8221;#fecd08&#8243; hover_btn_link=&#8221;url:https%3A%2F%2Fassociacioreach.org%2Fcollabora%2F%23ambassador|title:COL%C2%B7LABORA%20AMB%20NOSALTRES||&#8221;][\/vc_hoverbox][\/vc_column_inner][vc_column_inner width=&#8221;1\/3&#8243;][vc_hoverbox image=&#8221;305&#8243; primary_title=&#8221;&#8221; hover_title=&#8221;Donacions&#8221; hover_background_color=&#8221;custom&#8221; hover_btn_title=&#8221;Saber m\u00e9s&#8221; hover_btn_style=&#8221;outline&#8221; hover_btn_color=&#8221;black&#8221; hover_btn_i_type=&#8221;linecons&#8221; hover_btn_i_icon_linecons=&#8221;vc_li vc_li-banknote&#8221; hover_add_button=&#8221;true&#8221; hover_btn_add_icon=&#8221;true&#8221; hover_custom_background=&#8221;#fecd08&#8243; hover_btn_link=&#8221;url:https%3A%2F%2Fassociacioreach.org%2Fcollabora%2F%23donacio|title:COL%C2%B7LABORA%20AMB%20NOSALTRES||&#8221;][\/vc_hoverbox][\/vc_column_inner][\/vc_row_inner][\/vc_column][\/vc_row][vc_row full_width=&#8221;stretch_row&#8221; content_placement=&#8221;middle&#8221; css=&#8221;.vc_custom_1576589055816{background-color: #fecd08 !important;}&#8221; el_id=&#8221;contacte&#8221;][vc_column][vc_row_inner][vc_column_inner width=&#8221;1\/4&#8243;][\/vc_column_inner][vc_column_inner width=&#8221;1\/2&#8243;][vc_empty_space height=&#8221;10px&#8221;][vc_column_text css=&#8221;.vc_custom_1576662384416{margin-top: 0px !important;margin-right: 0px !important;margin-bottom: 0px !important;margin-left: 0px !important;padding-top: 3px !important;padding-right: 3px !important;padding-bottom: 3px !important;padding-left: 3px !important;}&#8221;]<\/p>\n<h3 style=\"text-align: center;\"><span style=\"color: #000000;\">Contacta amb nosaltres<\/span><\/h3>\n<p>[\/vc_column_text][vc_separator color=&#8221;custom&#8221; border_width=&#8221;2&#8243; css_animation=&#8221;fadeInLeft&#8221; css=&#8221;.vc_custom_1576578291579{margin-top: 3px !important;margin-right: 3px !important;margin-bottom: 3px !important;margin-left: 3px !important;padding-top: 3px !important;padding-right: 3px !important;padding-bottom: 3px !important;padding-left: 3px !important;}&#8221; accent_color=&#8221;#000000&#8243;][\/vc_column_inner][vc_column_inner width=&#8221;1\/4&#8243;][\/vc_column_inner][\/vc_row_inner][vc_row_inner][vc_column_inner width=&#8221;1\/6&#8243;][\/vc_column_inner][vc_column_inner width=&#8221;3\/6&#8243;]\n<div class=\"wpcf7 no-js\" id=\"wpcf7-f142-o1\" lang=\"ca\" dir=\"ltr\" data-wpcf7-id=\"142\">\n<div class=\"screen-reader-response\"><p role=\"status\" aria-live=\"polite\" aria-atomic=\"true\"><\/p> <ul><\/ul><\/div>\n<form action=\"\/ca\/wp-json\/wp\/v2\/pages\/182#wpcf7-f142-o1\" method=\"post\" class=\"wpcf7-form init\" aria-label=\"Formulari de contacte\" novalidate=\"novalidate\" data-status=\"init\">\n<fieldset class=\"hidden-fields-container\"><input type=\"hidden\" name=\"_wpcf7\" value=\"142\" \/><input type=\"hidden\" name=\"_wpcf7_version\" value=\"6.1.5\" \/><input type=\"hidden\" name=\"_wpcf7_locale\" value=\"ca\" \/><input type=\"hidden\" name=\"_wpcf7_unit_tag\" value=\"wpcf7-f142-o1\" \/><input type=\"hidden\" name=\"_wpcf7_container_post\" value=\"0\" \/><input type=\"hidden\" name=\"_wpcf7_posted_data_hash\" value=\"\" \/>\n<\/fieldset>\n<p><span style=\"color: #000000;\"><label> El teu nom* <span class=\"wpcf7-form-control-wrap\" data-name=\"your-name\"><input size=\"40\" maxlength=\"400\" class=\"wpcf7-form-control wpcf7-text wpcf7-validates-as-required\" aria-required=\"true\" aria-invalid=\"false\" value=\"\" type=\"text\" name=\"your-name\" \/><\/span> <\/label> <label> Adre\u00e7a de correu electr\u00f2nic* <span class=\"wpcf7-form-control-wrap\" data-name=\"your-email\"><input size=\"40\" maxlength=\"400\" class=\"wpcf7-form-control wpcf7-email wpcf7-validates-as-required wpcf7-text wpcf7-validates-as-email\" aria-required=\"true\" aria-invalid=\"false\" value=\"\" type=\"email\" name=\"your-email\" \/><\/span> <\/label> <label> Assumpte <span class=\"wpcf7-form-control-wrap\" data-name=\"your-subject\"><input size=\"40\" maxlength=\"400\" class=\"wpcf7-form-control wpcf7-text\" aria-invalid=\"false\" value=\"\" type=\"text\" name=\"your-subject\" \/><\/span> <\/label> <label>Missatge<span class=\"wpcf7-form-control-wrap\" data-name=\"your-message\"><textarea cols=\"40\" rows=\"10\" maxlength=\"2000\" class=\"wpcf7-form-control wpcf7-textarea\" aria-invalid=\"false\" name=\"your-message\"><\/textarea><\/span> <\/label><br \/>\n<\/span>\n<\/p>\n<div>\n\t<lavel>\n\t\t<p><span class=\"wpcf7-form-control-wrap\" data-name=\"acceptance-552\"><span class=\"wpcf7-form-control wpcf7-acceptance\"><span class=\"wpcf7-list-item\"><label><input type=\"checkbox\" name=\"acceptance-552\" value=\"1\" aria-invalid=\"false\" \/><span class=\"wpcf7-list-item-label\"><span style=\"color: #000000;\">He llegit i accepto la<strong><em><u><span style=\"color: #000000;\"><a style=\"color: #000000;\" href=\"https:\/\/associacioreach.org\/avis-legal-i-politica-de-privacitat\/\">pol\u00edtica de privacitat<\/a><\/span>.<\/u><\/em><\/strong><\/span><\/label><\/span><\/span><\/span>\n\t\t<\/p>\n\t<\/lavel>\n<\/div>\n<div>\n\t<lavel>\n\t\t<p><span class=\"wpcf7-form-control-wrap\" data-name=\"acceptance-170\"><span class=\"wpcf7-form-control wpcf7-acceptance optional\"><span class=\"wpcf7-list-item\"><label><input type=\"checkbox\" name=\"acceptance-170\" value=\"1\" aria-invalid=\"false\" \/><span class=\"wpcf7-list-item-label\"><span style=\"color: #000000;\">Autoritzo l&#39;enviament d&#39;informaci\u00f3 comercial i del butllet\u00ed de not\u00edcies.<\/span><\/label><\/span><\/span><\/span>\n\t\t<\/p>\n\t<\/lavel>\n<\/div>\n<div>\n\t<lavel>\n\t\t<p><span style=\"color: #000000;\"><strong>INFORMACI\u00d3 B\u00c0SICA SOBRE PROTECCI\u00d3 DE DADES<\/strong><\/span>\n\t\t<\/p>\n\t\t<ul>\n\t\t\t<li>\n\t\t\t\t<p><span style=\"color: #000000;\"><strong>Responsable del tractament:<\/strong> ASSOCIACI\u00d3 REACH PER A LA PREVENCI\u00d3 DE L'AB\u00daS<\/span>\n\t\t\t\t<\/p>\n\t\t\t<\/li>\n\t\t\t<li>\n\t\t\t\t<p><span style=\"color: #000000;\"><strong>Finalitat del tractament:<\/strong> Mantenir una relaci\u00f3 amb l'Usuari i, si ens autoritza, l'enviament de newsletters, comunicacions comercials i promocions.<\/span>\n\t\t\t\t<\/p>\n\t\t\t<\/li>\n\t\t\t<li>\n\t\t\t\t<p><span style=\"color: #000000;\"><strong>Legitimaci\u00f3 del tractament:<\/strong> Inter\u00e8s leg\u00edtim i consentiment de l'interessat\/da.<\/span>\n\t\t\t\t<\/p>\n\t\t\t<\/li>\n\t\t\t<li>\n\t\t\t\t<p><span style=\"color: #000000;\"><strong>Conservaci\u00f3 de les dades:<\/strong> Es conservaran durant el temps que hi hagi un inter\u00e8s mutu o durant el temps que sigui necessari per al compliment d'obligacions legals.<\/span>\n\t\t\t\t<\/p>\n\t\t\t<\/li>\n\t\t\t<li>\n\t\t\t\t<p><span style=\"color: #000000;\"><strong>Destinataris:<\/strong> Prestadors de serveis o col\u00b7laboradors. <\/span>\n\t\t\t\t<\/p>\n\t\t\t<\/li>\n\t\t\t<li>\n\t\t\t\t<p><span style=\"color: #000000;\"><strong>Drets<\/strong>: Dret a retirar el consentiment en qualsevol moment. Dret d'acc\u00e9s, rectificaci\u00f3, portabilitat i supressi\u00f3 de les seves dades i de la limitaci\u00f3 o oposici\u00f3 al seu tractament. Dades de contacte per exercir els teus drets: associacioreach@gmail.com<\/span>\n\t\t\t\t<\/p>\n\t\t\t<\/li>\n\t\t\t<li>\n\t\t\t\t<p><span style=\"color: #000000;\">I<strong>nformaci\u00f3 addicional:<\/strong> Podeu trobar m\u00e9s informaci\u00f3 a la nostra <a style=\"color: #000000;\" href=\"https:\/\/associacioreach.org\/aviso-legal-y-politica-de-privacidad\/\" target=\"_blank\" rel=\"noopener\">Pol\u00edtica de Privacitat.<\/a><\/span>\n\t\t\t\t<\/p>\n\t\t\t<\/li>\n\t\t<\/ul>\n\t<\/lavel>\n<\/div>\n<p><BUTTON><input class=\"wpcf7-form-control wpcf7-submit has-spinner\" type=\"submit\" value=\"ENVIAR MISSATGE\" \/><\/button>\n<\/p><div class=\"wpcf7-response-output\" aria-hidden=\"true\"><\/div>\n<\/form>\n<\/div>\n[\/vc_column_inner][vc_column_inner width=&#8221;1\/6&#8243;][vc_empty_space height=&#8221;1px&#8221;][vc_btn title=&#8221;Instagram&#8221; style=&#8221;outline-custom&#8221; outline_custom_color=&#8221;#000000&#8243; outline_custom_hover_background=&#8221;#fecd08&#8243; outline_custom_hover_text=&#8221;#ffffff&#8221; shape=&#8221;round&#8221; size=&#8221;sm&#8221; align=&#8221;center&#8221; i_icon_fontawesome=&#8221;fa fa-instagram&#8221; button_block=&#8221;true&#8221; add_icon=&#8221;true&#8221; link=&#8221;url:https%3A%2F%2Fwww.instagram.com%2Fassociacioreach%2F||target:%20_blank|&#8221;][vc_btn title=&#8221;YouTube&#8221; style=&#8221;outline-custom&#8221; outline_custom_color=&#8221;#000000&#8243; outline_custom_hover_background=&#8221;#fecd08&#8243; outline_custom_hover_text=&#8221;#ffffff&#8221; shape=&#8221;round&#8221; size=&#8221;sm&#8221; align=&#8221;center&#8221; i_icon_fontawesome=&#8221;fa fa-youtube&#8221; button_block=&#8221;true&#8221; add_icon=&#8221;true&#8221; link=&#8221;url:https%3A%2F%2Fwww.youtube.com%2Fchannel%2FUCXaJyz-B3Z5OdlqE2TqlTpA||target:%20_blank|&#8221;][vc_btn title=&#8221;Facebook&#8221; style=&#8221;outline-custom&#8221; outline_custom_color=&#8221;#000000&#8243; outline_custom_hover_background=&#8221;#fecd08&#8243; outline_custom_hover_text=&#8221;#ffffff&#8221; shape=&#8221;round&#8221; size=&#8221;sm&#8221; align=&#8221;center&#8221; i_icon_fontawesome=&#8221;fa fa-facebook&#8221; button_block=&#8221;true&#8221; add_icon=&#8221;true&#8221; link=&#8221;url:https%3A%2F%2Fwww.facebook.com%2FAsociaci%25C3%25B3n-Reach-NGO-152628231734983%2F%3Fepa%3DSEARCH_BOX||target:%20_blank|&#8221;][vc_btn title=&#8221;Ripoll i Girona&#8221; style=&#8221;outline-custom&#8221; outline_custom_color=&#8221;#000000&#8243; outline_custom_hover_background=&#8221;#fecd08&#8243; outline_custom_hover_text=&#8221;#ffffff&#8221; shape=&#8221;round&#8221; size=&#8221;sm&#8221; align=&#8221;center&#8221; i_icon_fontawesome=&#8221;fa fa-map-marker&#8221; button_block=&#8221;true&#8221; add_icon=&#8221;true&#8221; link=&#8221;|||&#8221;][\/vc_column_inner][vc_column_inner width=&#8221;1\/6&#8243;][\/vc_column_inner][\/vc_row_inner][\/vc_column][\/vc_row][vc_row full_width=&#8221;stretch_row_content&#8221; content_placement=&#8221;middle&#8221; css=&#8221;.vc_custom_1576064989646{background-color: #ffffff !important;}&#8221;][vc_column width=&#8221;1\/4&#8243;][\/vc_column][vc_column width=&#8221;1\/2&#8243;][vc_empty_space][vc_separator color=&#8221;custom&#8221; border_width=&#8221;4&#8243; css_animation=&#8221;bounceInUp&#8221; accent_color=&#8221;#fecd08&#8243;][vc_column_text]<\/p>\n<h3 style=\"text-align: center;\"><strong><span style=\"color: #000000;\">Si detectes o est\u00e0s patint ab\u00fas sexual infantil<\/span><\/strong><\/h3>\n<h3 style=\"text-align: center;\"><strong><span style=\"color: #000000;\">#INF\u00c0NCIARESPON<\/span><\/strong><\/h3>\n<h3 style=\"text-align: center;\"><strong><span style=\"color: #000000;\">116 111<\/span><\/strong><\/h3>\n<p>[\/vc_column_text][vc_btn title=&#8221;Tens dubtes i t\u2019agradaria parlar amb un professional?&#8221; style=&#8221;outline-custom&#8221; outline_custom_color=&#8221;#000000&#8243; outline_custom_hover_background=&#8221;#fecd08&#8243; outline_custom_hover_text=&#8221;#ffffff&#8221; shape=&#8221;round&#8221; size=&#8221;lg&#8221; align=&#8221;center&#8221; i_icon_fontawesome=&#8221;fa fa-comments-o&#8221; button_block=&#8221;true&#8221; add_icon=&#8221;true&#8221; link=&#8221;url:https%3A%2F%2Fassociacioreach.org%2Fdemana-ajuda%2F|title:DEMANA%20AJUDA||&#8221;][vc_separator color=&#8221;custom&#8221; border_width=&#8221;4&#8243; css_animation=&#8221;bounceInDown&#8221; accent_color=&#8221;#fecd08&#8243;][vc_empty_space][\/vc_column][vc_column width=&#8221;1\/4&#8243;][\/vc_column][\/vc_row]<\/p>\n","protected":false},"excerpt":{"rendered":"<p>[vc_row full_width=&#8221;stretch_row_content_no_spaces&#8221; content_placement=&#8221;middle&#8221; disable_element=&#8221;yes&#8221; css=&#8221;.vc_custom_1657526941348{background-color: #fae2a8 !important;}&#8221;][vc_column css_animation=&#8221;left-to-right&#8221; css=&#8221;.vc_custom_1575633000367{margin: 32px !important;padding: 32px !important;border: 32px initial !important;}&#8221;][vc_empty_space][vc_row_inner content_placement=&#8221;middle&#8221;][vc_column_inner width=&#8221;1\/2&#8243;][vc_column_text] COL\u00b7LABORA EN EL PROJECTE [\/vc_column_text][vc_separator color=&#8221;custom&#8221; border_width=&#8221;4&#8243; css_animation=&#8221;right-to-left&#8221;<span class=\"excerpt-hellip\"> [\u2026]<\/span><\/p>\n","protected":false},"author":1,"featured_media":5,"parent":0,"menu_order":0,"comment_status":"closed","ping_status":"closed","template":"","meta":{"footnotes":""},"class_list":["post-182","page","type-page","status-publish","has-post-thumbnail","hentry"],"_links":{"self":[{"href":"https:\/\/associacioreach.org\/ca\/wp-json\/wp\/v2\/pages\/182","targetHints":{"allow":["GET"]}}],"collection":[{"href":"https:\/\/associacioreach.org\/ca\/wp-json\/wp\/v2\/pages"}],"about":[{"href":"https:\/\/associacioreach.org\/ca\/wp-json\/wp\/v2\/types\/page"}],"author":[{"embeddable":true,"href":"https:\/\/associacioreach.org\/ca\/wp-json\/wp\/v2\/users\/1"}],"replies":[{"embeddable":true,"href":"https:\/\/associacioreach.org\/ca\/wp-json\/wp\/v2\/comments?post=182"}],"version-history":[{"count":35,"href":"https:\/\/associacioreach.org\/ca\/wp-json\/wp\/v2\/pages\/182\/revisions"}],"predecessor-version":[{"id":695,"href":"https:\/\/associacioreach.org\/ca\/wp-json\/wp\/v2\/pages\/182\/revisions\/695"}],"wp:featuredmedia":[{"embeddable":true,"href":"https:\/\/associacioreach.org\/ca\/wp-json\/wp\/v2\/media\/5"}],"wp:attachment":[{"href":"https:\/\/associacioreach.org\/ca\/wp-json\/wp\/v2\/media?parent=182"}],"curies":[{"name":"wp","href":"https:\/\/api.w.org\/{rel}","templated":true}]}}