{"id":195,"date":"2019-12-16T14:46:17","date_gmt":"2019-12-16T14:46:17","guid":{"rendered":"https:\/\/associacioreach.org\/?page_id=195"},"modified":"2020-06-01T10:15:08","modified_gmt":"2020-06-01T10:15:08","slug":"sobre-reach","status":"publish","type":"page","link":"https:\/\/associacioreach.org\/ca\/sobre-reach\/","title":{"rendered":"REACH"},"content":{"rendered":"<p>[vc_row full_width=&#8221;stretch_row_content&#8221; full_height=&#8221;yes&#8221; columns_placement=&#8221;top&#8221; content_placement=&#8221;top&#8221; parallax=&#8221;content-moving-fade&#8221; parallax_image=&#8221;197&#8243; parallax_speed_bg=&#8221;1&#8243;][vc_column css_animation=&#8221;left-to-right&#8221; css=&#8221;.vc_custom_1575633000367{margin: 32px !important;padding: 32px !important;border: 32px initial !important;}&#8221;][vc_empty_space height=&#8221;250px&#8221;][vc_row_inner][vc_column_inner width=&#8221;1\/3&#8243;][vc_column_text]<\/p>\n<h1 style=\"text-align: left;\"><strong><span style=\"color: #000000;\">SOBRE REACH<\/span><\/strong><\/h1>\n<p>[\/vc_column_text][vc_separator color=&#8221;custom&#8221; border_width=&#8221;4&#8243; css_animation=&#8221;right-to-left&#8221; css=&#8221;.vc_custom_1575633038935{margin-top: 3px !important;margin-right: 3px !important;margin-bottom: 3px !important;margin-left: 3px !important;padding-top: 3px !important;padding-right: 3px !important;padding-bottom: 3px !important;padding-left: 3px !important;}&#8221; accent_color=&#8221;#fecd08&#8243;][\/vc_column_inner][vc_column_inner width=&#8221;1\/3&#8243;][\/vc_column_inner][vc_column_inner width=&#8221;1\/3&#8243;][\/vc_column_inner][\/vc_row_inner][\/vc_column][\/vc_row][vc_row css=&#8221;.vc_custom_1576578684782{margin-top: 0px !important;margin-right: 0px !important;margin-bottom: 0px !important;margin-left: 0px !important;padding-top: 0px !important;padding-right: 0px !important;padding-bottom: 0px !important;padding-left: 0px !important;}&#8221;][vc_column][vc_empty_space height=&#8221;15px&#8221;][vc_row_inner el_id=&#8221;qui-som&#8221;][vc_column_inner width=&#8221;3\/4&#8243;]<div class=\"story_box \"><div class=\"desc_wrapper\"><h3 class=\"themecolor\">\nQui som?\n<\/h3><hr class=\"hr_color\"><\/div><div class=\"desc\">L\u2019Associaci\u00f3 Reach \u00e9s una Associaci\u00f3 Catalana per a la <strong>Prevenci\u00f3 de l<\/strong><strong>\u2019<\/strong><strong>Ab\u00fas Sexual Infantil<\/strong> (ASI), sense \u00e0nim de lucre i amb seu a Girona. Formem part del registre d\u2019entitats del Departament de Just\u00edcia de la Generalitat de Catalunya (60505 &#8211; J \/ 2).<\/p>\n<p><strong>Reach<\/strong> \u00e9s una paraula anglesa que significa aconseguir, i per a nosaltres significa <strong>\u201c<\/strong><strong>fent cam\u00ed\u201d.<\/strong><\/div><\/div>\n[\/vc_column_inner][vc_column_inner width=&#8221;1\/4&#8243;][\/vc_column_inner][\/vc_row_inner][vc_row_inner el_id=&#8221;missio&#8221;][vc_column_inner width=&#8221;3\/4&#8243;]<div class=\"story_box \"><div class=\"desc_wrapper\"><h3 class=\"themecolor\">\nLa nostra missi\u00f3\n<\/h3><hr class=\"hr_color\"><\/div><div class=\"desc\">L\u2019Associaci\u00f3 Reach t\u00e9 com a missi\u00f3 la\u00a0<strong>sensibilitzaci\u00f3 comunit\u00e0ria<\/strong>\u00a0per a la\u00a0<strong>prevenci\u00f3 de l\u2019ab\u00fas sexual infantil.<\/strong><\/p>\n<p>La sensibilitzaci\u00f3 i la conscienciaci\u00f3 dels\u00a0i les <strong>professionals<\/strong>\u00a0de l\u2019educaci\u00f3 que intervenen amb persones\u00a0<strong>menors d\u2019edat<\/strong>.<\/p>\n<p>La sensibilitzaci\u00f3 dels\u00a0<strong>pares i mares<\/strong> que trenqui els mites de qu\u00e8 \u00e9s i com pot passar l\u2019ASI.<\/p>\n<p>La\u00a0<strong>sensibilitzaci\u00f3<\/strong>\u00a0dels i les agents socials i professionals vinculats a l\u2019\u00e0mbit de la salut i del lleure, per tal d\u2019aconseguir <strong>la\u00a0identificaci\u00f3 preco\u00e7 i efectiva<\/strong>\u00a0i la derivaci\u00f3 als serveis corresponents.<\/div><\/div>\n[\/vc_column_inner][vc_column_inner width=&#8221;1\/4&#8243;][\/vc_column_inner][\/vc_row_inner][vc_row_inner el_id=&#8221;historia&#8221;][vc_column_inner width=&#8221;3\/4&#8243;]<div class=\"story_box \"><div class=\"desc_wrapper\"><h3 class=\"themecolor\">\nLa nostra hist\u00f2ria\n<\/h3><hr class=\"hr_color\"><\/div><div class=\"desc\">L\u2019Associaci\u00f3 Reach va n\u00e9ixer de forma oficial al febrer del 2017, data en la que l\u2019entitat va ser adherida al\u00a0<strong>registre d<\/strong><strong>\u2019<\/strong><strong>associacions de la Generalitat de Catalunya<\/strong>.<\/p>\n<p>No obstant, la idea de crear una entitat per a la\u00a0<strong>Prevenci\u00f3 de l<\/strong><strong>\u2019<\/strong><strong>Ab\u00fas Sexual Infantil<\/strong>\u00a0s\u2019origina molt anteriorment. La principal ra\u00f3 \u00e9s que un dels seus integrants va ser v\u00edctima d\u2019ab\u00fas sexual durant la seva infantesa.<\/p>\n<p>En el llarg proc\u00e9s individual que va realitzar i sota un hermetisme total va decidir, despr\u00e9s de molts passos endavant i enrere, demanar ajuda a serveis especialitzats.\u00a0En aquell moment va <strong>identificar la\u00a0manca de recursos<\/strong> destinats a la Prevenci\u00f3 de l\u2019ASI i el seu tractament, tant per part de\u00a0l\u2019administraci\u00f3\u00a0p\u00fablica com a nivell privat.<\/p>\n<p>Aix\u00ed doncs, va decidir iniciar un projecte amb l\u2019objectiu de treballar per a la prevenci\u00f3, la sensibilitzaci\u00f3 i la\u00a0<strong>conscienciaci\u00f3<\/strong>\u00a0de l\u2019Ab\u00fas Sexual Infantil a Catalunya, i va establir la seu de l\u2019entitat a\u00a0<strong>Ripoll i <\/strong><strong>a <\/strong><strong>Girona<\/strong>.<\/p>\n<p>A dia d\u2019avui l\u2019Associaci\u00f3 Reach est\u00e0 formada per\u00a0<strong>sis professionals i diverses <\/strong><strong>persones <\/strong><strong>col\u00b7<\/strong><strong>laboradores<\/strong>\u00a0que treballen de manera\u00a0<strong>altru\u00efsta<\/strong>\u00a0per a trencar els mites sobre l\u2019ASI i obrir mirades.<\/div><\/div>\n[\/vc_column_inner][vc_column_inner width=&#8221;1\/4&#8243;][\/vc_column_inner][\/vc_row_inner][vc_row_inner el_id=&#8221;equip&#8221;][vc_column_inner width=&#8221;3\/4&#8243;]<div class=\"story_box \"><div class=\"desc_wrapper\"><h3 class=\"themecolor\">\nEl nostre equip\n<\/h3><hr class=\"hr_color\"><\/div><div class=\"desc\">El nostre equip est\u00e0 format per sis\u00a0<strong>professionals dins de l\u2019\u00e0mbit social, jur\u00eddic i associatiu<\/strong>. Els seus membres s\u00f3n: la Rosa, l\u2019Ignasi, la Carme, la M\u00f2nica, la Patri i l\u2019\u00c0lex.<\/p>\n<p>Totes nosaltres, que compartim una especial\u00a0<strong>sensibilitat per a la inf\u00e0ncia<\/strong>, vam decidir adherir-nos a la formaci\u00f3 de l\u2019entitat aportant aix\u00ed diversos punts de vista.<\/p>\n<p>L\u2019Associaci\u00f3 Reach compta amb\u00a0<strong>voluntariat<\/strong>,\u00a0<strong>professionals<\/strong>\u00a0i persones <strong>col\u00b7laboradores<\/strong>\u00a0que faciliten la nostra tasca i ens donen una major empenta en la divulgaci\u00f3 i la sensibilitzaci\u00f3 de l\u2019Ab\u00fas Sexual Infantil.<\/p>\n<p>La nostra relaci\u00f3 com a membres de l\u2019equip est\u00e0 basada en\u00a0<strong>una comunicaci\u00f3 oberta, horitzontal i igualit\u00e0ria<\/strong>.<br \/>\n<\/div><\/div>\n[\/vc_column_inner][vc_column_inner width=&#8221;1\/4&#8243;][\/vc_column_inner][\/vc_row_inner][\/vc_column][\/vc_row][vc_row][vc_column width=&#8221;1\/3&#8243;]<div class=\"team team_circle\"><div class=\"image_frame photo no_link scale-with-grid\"><div class=\"image_wrapper\"><img loading=\"lazy\" decoding=\"async\" class=\"scale-with-grid\" src=\"https:\/\/associacioreach.org\/wp-content\/uploads\/2020\/03\/Untitled-design.jpg\" alt=\"Equip Associacio Reach Alex\" width=\"600\" height=\"600\"\/><\/div><\/div><div class=\"desc_wrapper clearfix\"><h4>\u00c0lex<\/h4><p class=\"subtitle\">President. Xarxes socials i gesti\u00f3 de projectes<\/p><hr class=\"hr_color\" \/><div class=\"desc\">Trencar el silenci va donar-me l\u2019oportunitat de comprometre&#8217;m amb mi mateix i amb la resta de persones. La creaci\u00f3 de Reach va ser l\u2019aleteig per agafar impuls i fer un cam\u00ed conjunt. Cal que passem a un estat d\u2019acci\u00f3 col\u2022lectiva que permeti l\u2019empoderament de la inf\u00e0ncia i la prevenci\u00f3 de l\u2019Ab\u00fas Sexual Infantil.<\/div><div class=\"links\"><a href=\"mailto:associacioreach@gmail.com\" class=\"icon_bar icon_bar_small mail\"><span class=\"t\"><i class=\"icon-mail\" aria-label=\"mail icon\"><\/i><\/span><span class=\"b\"><i class=\"icon-mail\" aria-hidden=\"true\"><\/i><\/span><\/a><a target=\"_blank\" href=\"https:\/\/www.linkedin.com\/in\/alex-tallon-a9881b19\/\" class=\"icon_bar icon_bar_small linkedin\"><span class=\"t\"><i class=\"icon-linkedin\" aria-label=\"linkedin icon\"><\/i><\/span><span class=\"b\"><i class=\"icon-linkedin\" aria-hidden=\"true\"><\/i><\/span><\/a><\/div><\/div><\/div>\n[\/vc_column][vc_column width=&#8221;1\/3&#8243;]<div class=\"team team_circle\"><div class=\"image_frame photo no_link scale-with-grid\"><div class=\"image_wrapper\"><img loading=\"lazy\" decoding=\"async\" class=\"scale-with-grid\" src=\"https:\/\/associacioreach.org\/wp-content\/uploads\/2020\/03\/Untitled-design-1.jpg\" alt=\"Equip Associacio Reach Patri\" width=\"600\" height=\"600\"\/><\/div><\/div><div class=\"desc_wrapper clearfix\"><h4>Patri<\/h4><p class=\"subtitle\">Gesti\u00f3 i coordinaci\u00f3 de projectes<\/p><hr class=\"hr_color\" \/><div class=\"desc\">Formar part de Reach significa establir un comprom\u00eds amb la inf\u00e0ncia i per tant, un cam\u00ed conjunt per a la conscienciaci\u00f3 i sensibilitzaci\u00f3 de l&#8217;ASI. En el 80% dels casos, l\u2019ab\u00fas succeeix en l\u2019entorn intrafamiliar i conegut del o la menor. Confio en qu\u00e8 la visibilitat i veu de cadasc\u00fa de nosaltres ens permeti continuar reivindicant els drets dels m\u00e9s petits. La prevenci\u00f3 s\u00ed \u00e9s possible i \u00e9s cosa de tots. <\/div><div class=\"links\"><a target=\"_blank\" href=\"https:\/\/www.linkedin.com\/in\/patricia-tallon-24a8b711b\/\" class=\"icon_bar icon_bar_small linkedin\"><span class=\"t\"><i class=\"icon-linkedin\" aria-label=\"linkedin icon\"><\/i><\/span><span class=\"b\"><i class=\"icon-linkedin\" aria-hidden=\"true\"><\/i><\/span><\/a><\/div><\/div><\/div>\n[\/vc_column][vc_column width=&#8221;1\/3&#8243;]<div class=\"team team_circle\"><div class=\"image_frame photo no_link scale-with-grid\"><div class=\"image_wrapper\"><img loading=\"lazy\" decoding=\"async\" class=\"scale-with-grid\" src=\"https:\/\/associacioreach.org\/wp-content\/uploads\/2020\/03\/3.jpg\" alt=\"Equip Associacio Reach Rosa\" width=\"600\" height=\"600\"\/><\/div><\/div><div class=\"desc_wrapper clearfix\"><h4>Rosa<\/h4><p class=\"subtitle\">Prevenci\u00f3 i gesti\u00f3 econ\u00f2mica<\/p><hr class=\"hr_color\" \/><div class=\"desc\">Vers\u00e0til i creativa, em fascina transformar i veure com d\u2019un no res es pot convertir en un tot.<br \/>\nDins d\u2019un proc\u00e9s intern de canvi i creixement personal com a dona i persona vaig sentir que des de Reach podia acompanyar i fer cam\u00ed per conscienciar, donar suport, canviar i fer passes tots plegats.<br \/>\n<\/div><\/div><\/div>\n[\/vc_column][\/vc_row][vc_row][vc_column width=&#8221;1\/3&#8243;]<div class=\"team team_circle\"><div class=\"image_frame photo no_link scale-with-grid\"><div class=\"image_wrapper\"><img loading=\"lazy\" decoding=\"async\" class=\"scale-with-grid\" src=\"https:\/\/associacioreach.org\/wp-content\/uploads\/2020\/03\/2.jpg\" alt=\"Equip Associacio Reach M\u00f2nica\" width=\"600\" height=\"600\"\/><\/div><\/div><div class=\"desc_wrapper clearfix\"><h4>M\u00f2nica<\/h4><p class=\"subtitle\">Prevenci\u00f3 i gesti\u00f3 de col.laboradors<\/p><hr class=\"hr_color\" \/><div class=\"desc\">Optimista i persistent, confio en la implicaci\u00f3 i capacitat transformadora de les persones.<br \/>\nCom a membre de Reach la meva tasca principal \u00e9s conscienciar i sensibilitzar sobre l\u2019Ab\u00fas Sexual Infantil. 1 de cada 5 ho pateixen, \u00e9s una dada real! \u00c9s necessari generar consci\u00e8ncia als que ens envolten i donar veu a la responsabilitat col\u2022lectiva com a societat. D\u2019aquesta manera podrem ser-ne conscients, empoderar i protegir a la nostra inf\u00e0ncia. La inf\u00e0ncia de tots.<br \/>\n<\/div><div class=\"links\"><a target=\"_blank\" href=\"https:\/\/www.linkedin.com\/in\/monica-jim%C3%A9nez-05b763143\/\" class=\"icon_bar icon_bar_small linkedin\"><span class=\"t\"><i class=\"icon-linkedin\" aria-label=\"linkedin icon\"><\/i><\/span><span class=\"b\"><i class=\"icon-linkedin\" aria-hidden=\"true\"><\/i><\/span><\/a><\/div><\/div><\/div>\n[\/vc_column][vc_column width=&#8221;1\/3&#8243;]<div class=\"team team_circle\"><div class=\"image_frame photo no_link scale-with-grid\"><div class=\"image_wrapper\"><img loading=\"lazy\" decoding=\"async\" class=\"scale-with-grid\" src=\"https:\/\/associacioreach.org\/wp-content\/uploads\/2020\/03\/1.jpg\" alt=\"Equip Associacio Reach Carme\" width=\"600\" height=\"600\"\/><\/div><\/div><div class=\"desc_wrapper clearfix\"><h4>Carme<\/h4><p class=\"subtitle\">Promoci\u00f3 i gesti\u00f3 d'iniciatives socials<\/p><hr class=\"hr_color\" \/><div class=\"desc\">Tot comen\u00e7a amb una primera passa, tots i totes som societat.<br \/>\nM\u2019agradaria doncs que a les nostres escoles es parl\u00e9s d&#8217;educaci\u00f3 sexual-afectiva per tal de donar eines i estrat\u00e8gies als nostres infants. Si hi posem veu, hi posem consci\u00e8ncia.<br \/>\nLa prevenci\u00f3 s\u00ed \u00e9s possible i \u00e9s cosa de tots. <\/div><\/div><\/div>\n[\/vc_column][vc_column width=&#8221;1\/3&#8243;]<div class=\"team team_circle\"><div class=\"image_frame photo no_link scale-with-grid\"><div class=\"image_wrapper\"><a href=\"https:\/\/ambpaciencia.com\/\" target=\"_blank\"><img loading=\"lazy\" decoding=\"async\" class=\"scale-with-grid\" src=\"https:\/\/associacioreach.org\/wp-content\/uploads\/2020\/03\/4.jpg\" alt=\"Equip Associacio Reach Lara\" width=\"600\" height=\"600\"\/><\/a><\/div><\/div><div class=\"desc_wrapper clearfix\"><h4><a href=\"https:\/\/ambpaciencia.com\/\" target=\"_blank\">Lara<\/a><\/h4><p class=\"subtitle\">Comunicaci\u00f3 corporativa<\/p><hr class=\"hr_color\" \/><div class=\"desc\">L\u2019Ab\u00fas Sexual Infantil \u00e9s un problema que ens toca a tota la societat, mirar cap a un altre costat no hauria de ser una opci\u00f3.<br \/>\nCol\u2022laboro amb Reach com assessora de comunicaci\u00f3 treballant conjuntament en el contingut, en la divulgaci\u00f3 i en els aspectes corporatius de l\u2019associaci\u00f3. Els missatges no nom\u00e9s cal que arribin a aquells que els necessiten, sin\u00f3 tamb\u00e9 a aquells que poden recolzar als m\u00e9s vulnerables i fer front a l\u2019ASI de forma conjunta. Tota la societat unida podem trencar el silenci.<br \/>\n<\/div><div class=\"links\"><a href=\"mailto:hola@ambpaciencia.com\" class=\"icon_bar icon_bar_small mail\"><span class=\"t\"><i class=\"icon-mail\" aria-label=\"mail icon\"><\/i><\/span><span class=\"b\"><i class=\"icon-mail\" aria-hidden=\"true\"><\/i><\/span><\/a><a target=\"_blank\" href=\"https:\/\/www.linkedin.com\/in\/lara-andr%C3%A9s-rivera\/\" class=\"icon_bar icon_bar_small linkedin\"><span class=\"t\"><i class=\"icon-linkedin\" aria-label=\"linkedin icon\"><\/i><\/span><span class=\"b\"><i class=\"icon-linkedin\" aria-hidden=\"true\"><\/i><\/span><\/a><\/div><\/div><\/div>\n[\/vc_column][\/vc_row][vc_row][vc_column width=&#8221;1\/3&#8243;][\/vc_column][vc_column width=&#8221;1\/3&#8243;][vc_btn title=&#8221;Vols col\u00b7laborar amb nosaltres?&#8221; style=&#8221;outline-custom&#8221; outline_custom_color=&#8221;#000000&#8243; outline_custom_hover_background=&#8221;#fecd08&#8243; outline_custom_hover_text=&#8221;#ffffff&#8221; shape=&#8221;round&#8221; size=&#8221;lg&#8221; align=&#8221;center&#8221; i_icon_fontawesome=&#8221;fa fa-handshake-o&#8221; button_block=&#8221;true&#8221; add_icon=&#8221;true&#8221; link=&#8221;url:https%3A%2F%2Fassociacioreach.org%2Fcollabora%2F|title:COL%C2%B7LABORA%20AMB%20NOSALTRES||&#8221;][\/vc_column][vc_column width=&#8221;1\/3&#8243;][\/vc_column][\/vc_row][vc_row full_width=&#8221;stretch_row&#8221; content_placement=&#8221;middle&#8221; css=&#8221;.vc_custom_1576233571245{background-color: #fecd08 !important;}&#8221;][vc_column][vc_row_inner][vc_column_inner width=&#8221;1\/4&#8243;][\/vc_column_inner][vc_column_inner width=&#8221;1\/2&#8243;][vc_column_text]<\/p>\n<h3 style=\"text-align: center;\"><span style=\"color: #000000;\">Contacta amb nosaltres<\/span><\/h3>\n<p>[\/vc_column_text][vc_separator color=&#8221;custom&#8221; border_width=&#8221;2&#8243; css_animation=&#8221;fadeInLeft&#8221; accent_color=&#8221;#000000&#8243;][\/vc_column_inner][vc_column_inner width=&#8221;1\/4&#8243;][\/vc_column_inner][\/vc_row_inner][vc_row_inner][vc_column_inner width=&#8221;1\/6&#8243;][\/vc_column_inner][vc_column_inner width=&#8221;3\/6&#8243;]\n<div class=\"wpcf7 no-js\" id=\"wpcf7-f142-o1\" lang=\"ca\" dir=\"ltr\" data-wpcf7-id=\"142\">\n<div class=\"screen-reader-response\"><p role=\"status\" aria-live=\"polite\" aria-atomic=\"true\"><\/p> <ul><\/ul><\/div>\n<form action=\"\/ca\/wp-json\/wp\/v2\/pages\/195#wpcf7-f142-o1\" method=\"post\" class=\"wpcf7-form init\" aria-label=\"Formulari de contacte\" novalidate=\"novalidate\" data-status=\"init\">\n<fieldset class=\"hidden-fields-container\"><input type=\"hidden\" name=\"_wpcf7\" value=\"142\" \/><input type=\"hidden\" name=\"_wpcf7_version\" value=\"6.1.5\" \/><input type=\"hidden\" name=\"_wpcf7_locale\" value=\"ca\" \/><input type=\"hidden\" name=\"_wpcf7_unit_tag\" value=\"wpcf7-f142-o1\" \/><input type=\"hidden\" name=\"_wpcf7_container_post\" value=\"0\" \/><input type=\"hidden\" name=\"_wpcf7_posted_data_hash\" value=\"\" \/>\n<\/fieldset>\n<p><span style=\"color: #000000;\"><label> El teu nom* <span class=\"wpcf7-form-control-wrap\" data-name=\"your-name\"><input size=\"40\" maxlength=\"400\" class=\"wpcf7-form-control wpcf7-text wpcf7-validates-as-required\" aria-required=\"true\" aria-invalid=\"false\" value=\"\" type=\"text\" name=\"your-name\" \/><\/span> <\/label> <label> Adre\u00e7a de correu electr\u00f2nic* <span class=\"wpcf7-form-control-wrap\" data-name=\"your-email\"><input size=\"40\" maxlength=\"400\" class=\"wpcf7-form-control wpcf7-email wpcf7-validates-as-required wpcf7-text wpcf7-validates-as-email\" aria-required=\"true\" aria-invalid=\"false\" value=\"\" type=\"email\" name=\"your-email\" \/><\/span> <\/label> <label> Assumpte <span class=\"wpcf7-form-control-wrap\" data-name=\"your-subject\"><input size=\"40\" maxlength=\"400\" class=\"wpcf7-form-control wpcf7-text\" aria-invalid=\"false\" value=\"\" type=\"text\" name=\"your-subject\" \/><\/span> <\/label> <label>Missatge<span class=\"wpcf7-form-control-wrap\" data-name=\"your-message\"><textarea cols=\"40\" rows=\"10\" maxlength=\"2000\" class=\"wpcf7-form-control wpcf7-textarea\" aria-invalid=\"false\" name=\"your-message\"><\/textarea><\/span> <\/label><br \/>\n<\/span>\n<\/p>\n<div>\n\t<lavel>\n\t\t<p><span class=\"wpcf7-form-control-wrap\" data-name=\"acceptance-552\"><span class=\"wpcf7-form-control wpcf7-acceptance\"><span class=\"wpcf7-list-item\"><label><input type=\"checkbox\" name=\"acceptance-552\" value=\"1\" aria-invalid=\"false\" \/><span class=\"wpcf7-list-item-label\"><span style=\"color: #000000;\">He llegit i accepto la<strong><em><u><span style=\"color: #000000;\"><a style=\"color: #000000;\" href=\"https:\/\/associacioreach.org\/avis-legal-i-politica-de-privacitat\/\">pol\u00edtica de privacitat<\/a><\/span>.<\/u><\/em><\/strong><\/span><\/label><\/span><\/span><\/span>\n\t\t<\/p>\n\t<\/lavel>\n<\/div>\n<div>\n\t<lavel>\n\t\t<p><span class=\"wpcf7-form-control-wrap\" data-name=\"acceptance-170\"><span class=\"wpcf7-form-control wpcf7-acceptance optional\"><span class=\"wpcf7-list-item\"><label><input type=\"checkbox\" name=\"acceptance-170\" value=\"1\" aria-invalid=\"false\" \/><span class=\"wpcf7-list-item-label\"><span style=\"color: #000000;\">Autoritzo l&#39;enviament d&#39;informaci\u00f3 comercial i del butllet\u00ed de not\u00edcies.<\/span><\/label><\/span><\/span><\/span>\n\t\t<\/p>\n\t<\/lavel>\n<\/div>\n<div>\n\t<lavel>\n\t\t<p><span style=\"color: #000000;\"><strong>INFORMACI\u00d3 B\u00c0SICA SOBRE PROTECCI\u00d3 DE DADES<\/strong><\/span>\n\t\t<\/p>\n\t\t<ul>\n\t\t\t<li>\n\t\t\t\t<p><span style=\"color: #000000;\"><strong>Responsable del tractament:<\/strong> ASSOCIACI\u00d3 REACH PER A LA PREVENCI\u00d3 DE L'AB\u00daS<\/span>\n\t\t\t\t<\/p>\n\t\t\t<\/li>\n\t\t\t<li>\n\t\t\t\t<p><span style=\"color: #000000;\"><strong>Finalitat del tractament:<\/strong> Mantenir una relaci\u00f3 amb l'Usuari i, si ens autoritza, l'enviament de newsletters, comunicacions comercials i promocions.<\/span>\n\t\t\t\t<\/p>\n\t\t\t<\/li>\n\t\t\t<li>\n\t\t\t\t<p><span style=\"color: #000000;\"><strong>Legitimaci\u00f3 del tractament:<\/strong> Inter\u00e8s leg\u00edtim i consentiment de l'interessat\/da.<\/span>\n\t\t\t\t<\/p>\n\t\t\t<\/li>\n\t\t\t<li>\n\t\t\t\t<p><span style=\"color: #000000;\"><strong>Conservaci\u00f3 de les dades:<\/strong> Es conservaran durant el temps que hi hagi un inter\u00e8s mutu o durant el temps que sigui necessari per al compliment d'obligacions legals.<\/span>\n\t\t\t\t<\/p>\n\t\t\t<\/li>\n\t\t\t<li>\n\t\t\t\t<p><span style=\"color: #000000;\"><strong>Destinataris:<\/strong> Prestadors de serveis o col\u00b7laboradors. <\/span>\n\t\t\t\t<\/p>\n\t\t\t<\/li>\n\t\t\t<li>\n\t\t\t\t<p><span style=\"color: #000000;\"><strong>Drets<\/strong>: Dret a retirar el consentiment en qualsevol moment. Dret d'acc\u00e9s, rectificaci\u00f3, portabilitat i supressi\u00f3 de les seves dades i de la limitaci\u00f3 o oposici\u00f3 al seu tractament. Dades de contacte per exercir els teus drets: associacioreach@gmail.com<\/span>\n\t\t\t\t<\/p>\n\t\t\t<\/li>\n\t\t\t<li>\n\t\t\t\t<p><span style=\"color: #000000;\">I<strong>nformaci\u00f3 addicional:<\/strong> Podeu trobar m\u00e9s informaci\u00f3 a la nostra <a style=\"color: #000000;\" href=\"https:\/\/associacioreach.org\/aviso-legal-y-politica-de-privacidad\/\" target=\"_blank\" rel=\"noopener\">Pol\u00edtica de Privacitat.<\/a><\/span>\n\t\t\t\t<\/p>\n\t\t\t<\/li>\n\t\t<\/ul>\n\t<\/lavel>\n<\/div>\n<p><BUTTON><input class=\"wpcf7-form-control wpcf7-submit has-spinner\" type=\"submit\" value=\"ENVIAR MISSATGE\" \/><\/button>\n<\/p><div class=\"wpcf7-response-output\" aria-hidden=\"true\"><\/div>\n<\/form>\n<\/div>\n[\/vc_column_inner][vc_column_inner width=&#8221;1\/6&#8243;][vc_empty_space height=&#8221;1px&#8221;][vc_btn title=&#8221;Instagram&#8221; style=&#8221;outline-custom&#8221; outline_custom_color=&#8221;#000000&#8243; outline_custom_hover_background=&#8221;#fecd08&#8243; outline_custom_hover_text=&#8221;#ffffff&#8221; shape=&#8221;round&#8221; size=&#8221;sm&#8221; align=&#8221;center&#8221; i_icon_fontawesome=&#8221;fa fa-instagram&#8221; button_block=&#8221;true&#8221; add_icon=&#8221;true&#8221; link=&#8221;url:https%3A%2F%2Fwww.instagram.com%2Fassociacioreach%2F||target:%20_blank|&#8221;][vc_btn title=&#8221;YouTube&#8221; style=&#8221;outline-custom&#8221; outline_custom_color=&#8221;#000000&#8243; outline_custom_hover_background=&#8221;#fecd08&#8243; outline_custom_hover_text=&#8221;#ffffff&#8221; shape=&#8221;round&#8221; size=&#8221;sm&#8221; align=&#8221;center&#8221; i_icon_fontawesome=&#8221;fa fa-youtube&#8221; button_block=&#8221;true&#8221; add_icon=&#8221;true&#8221; link=&#8221;url:https%3A%2F%2Fwww.youtube.com%2Fchannel%2FUCXaJyz-B3Z5OdlqE2TqlTpA||target:%20_blank|&#8221;][vc_btn title=&#8221;Facebook&#8221; style=&#8221;outline-custom&#8221; outline_custom_color=&#8221;#000000&#8243; outline_custom_hover_background=&#8221;#fecd08&#8243; outline_custom_hover_text=&#8221;#ffffff&#8221; shape=&#8221;round&#8221; size=&#8221;sm&#8221; align=&#8221;center&#8221; i_icon_fontawesome=&#8221;fa fa-facebook&#8221; button_block=&#8221;true&#8221; add_icon=&#8221;true&#8221; link=&#8221;url:https%3A%2F%2Fwww.facebook.com%2FAsociaci%25C3%25B3n-Reach-NGO-152628231734983%2F%3Fepa%3DSEARCH_BOX||target:%20_blank|&#8221;][vc_btn title=&#8221;Ripoll i Girona&#8221; style=&#8221;outline-custom&#8221; outline_custom_color=&#8221;#000000&#8243; outline_custom_hover_background=&#8221;#fecd08&#8243; outline_custom_hover_text=&#8221;#ffffff&#8221; shape=&#8221;round&#8221; size=&#8221;sm&#8221; align=&#8221;center&#8221; i_icon_fontawesome=&#8221;fa fa-map-marker&#8221; button_block=&#8221;true&#8221; add_icon=&#8221;true&#8221; link=&#8221;|||&#8221;][\/vc_column_inner][vc_column_inner width=&#8221;1\/6&#8243;][\/vc_column_inner][\/vc_row_inner][vc_row_inner][vc_column_inner width=&#8221;1\/4&#8243;][\/vc_column_inner][vc_column_inner width=&#8221;1\/2&#8243;][vc_separator color=&#8221;custom&#8221; border_width=&#8221;2&#8243; css_animation=&#8221;bounceInUp&#8221; accent_color=&#8221;#000000&#8243;][vc_column_text]<\/p>\n<h3 style=\"text-align: center;\"><strong><span style=\"color: #000000;\">Si detectes o est\u00e0s patint ab\u00fas sexual infantil<\/span><\/strong><\/h3>\n<h3 style=\"text-align: center;\"><strong><span style=\"color: #000000;\">#INF\u00c0NCIARESPON<\/span><\/strong><\/h3>\n<h3 style=\"text-align: center;\"><strong><span style=\"color: #000000;\">116 111<\/span><\/strong><\/h3>\n<p>[\/vc_column_text][vc_btn title=&#8221;Tens dubtes i t\u2019agradaria parlar amb un professional?&#8221; style=&#8221;outline-custom&#8221; outline_custom_color=&#8221;#000000&#8243; outline_custom_hover_background=&#8221;#fecd08&#8243; outline_custom_hover_text=&#8221;#ffffff&#8221; shape=&#8221;round&#8221; size=&#8221;lg&#8221; align=&#8221;center&#8221; i_icon_fontawesome=&#8221;fa fa-comments-o&#8221; button_block=&#8221;true&#8221; add_icon=&#8221;true&#8221; link=&#8221;url:https%3A%2F%2Fassociacioreach.org%2Fdemana-ajuda%2F|title:DEMANA%20AJUDA||&#8221;][vc_separator color=&#8221;custom&#8221; border_width=&#8221;2&#8243; css_animation=&#8221;bounceInDown&#8221; accent_color=&#8221;#000000&#8243;][\/vc_column_inner][vc_column_inner width=&#8221;1\/4&#8243;][\/vc_column_inner][\/vc_row_inner][\/vc_column][vc_column][\/vc_column][\/vc_row]<\/p>\n","protected":false},"excerpt":{"rendered":"<p>[vc_row full_width=&#8221;stretch_row_content&#8221; full_height=&#8221;yes&#8221; columns_placement=&#8221;top&#8221; content_placement=&#8221;top&#8221; parallax=&#8221;content-moving-fade&#8221; parallax_image=&#8221;197&#8243; parallax_speed_bg=&#8221;1&#8243;][vc_column css_animation=&#8221;left-to-right&#8221; css=&#8221;.vc_custom_1575633000367{margin: 32px !important;padding: 32px !important;border: 32px initial !important;}&#8221;][vc_empty_space height=&#8221;250px&#8221;][vc_row_inner][vc_column_inner width=&#8221;1\/3&#8243;][vc_column_text] SOBRE REACH [\/vc_column_text][vc_separator color=&#8221;custom&#8221; border_width=&#8221;4&#8243; css_animation=&#8221;right-to-left&#8221; css=&#8221;.vc_custom_1575633038935{margin-top:<span class=\"excerpt-hellip\"> [\u2026]<\/span><\/p>\n","protected":false},"author":1,"featured_media":0,"parent":0,"menu_order":0,"comment_status":"closed","ping_status":"closed","template":"","meta":{"footnotes":""},"class_list":["post-195","page","type-page","status-publish","hentry"],"_links":{"self":[{"href":"https:\/\/associacioreach.org\/ca\/wp-json\/wp\/v2\/pages\/195","targetHints":{"allow":["GET"]}}],"collection":[{"href":"https:\/\/associacioreach.org\/ca\/wp-json\/wp\/v2\/pages"}],"about":[{"href":"https:\/\/associacioreach.org\/ca\/wp-json\/wp\/v2\/types\/page"}],"author":[{"embeddable":true,"href":"https:\/\/associacioreach.org\/ca\/wp-json\/wp\/v2\/users\/1"}],"replies":[{"embeddable":true,"href":"https:\/\/associacioreach.org\/ca\/wp-json\/wp\/v2\/comments?post=195"}],"version-history":[{"count":44,"href":"https:\/\/associacioreach.org\/ca\/wp-json\/wp\/v2\/pages\/195\/revisions"}],"predecessor-version":[{"id":483,"href":"https:\/\/associacioreach.org\/ca\/wp-json\/wp\/v2\/pages\/195\/revisions\/483"}],"wp:attachment":[{"href":"https:\/\/associacioreach.org\/ca\/wp-json\/wp\/v2\/media?parent=195"}],"curies":[{"name":"wp","href":"https:\/\/api.w.org\/{rel}","templated":true}]}}