{"id":307,"date":"2019-12-19T11:18:20","date_gmt":"2019-12-19T11:18:20","guid":{"rendered":"https:\/\/associacioreach.org\/?page_id=307"},"modified":"2020-02-28T09:32:35","modified_gmt":"2020-02-28T09:32:35","slug":"demana-ajuda","status":"publish","type":"page","link":"https:\/\/associacioreach.org\/ca\/demana-ajuda\/","title":{"rendered":"DEMANA AJUDA"},"content":{"rendered":"<p>[vc_row full_width=&#8221;stretch_row&#8221; full_height=&#8221;yes&#8221; parallax=&#8221;content-moving&#8221; parallax_image=&#8221;308&#8243; parallax_speed_bg=&#8221;1&#8243;][vc_column css_animation=&#8221;left-to-right&#8221; css=&#8221;.vc_custom_1575633000367{margin: 32px !important;padding: 32px !important;border: 32px initial !important;}&#8221;][vc_empty_space height=&#8221;250px&#8221;][vc_row_inner][vc_column_inner width=&#8221;1\/2&#8243;][vc_column_text]<\/p>\n<h1 style=\"text-align: left;\"><strong><span style=\"color: #000000;\">NECESSITES AJUDA?<\/span><\/strong><\/h1>\n<p>[\/vc_column_text][vc_separator color=&#8221;custom&#8221; border_width=&#8221;4&#8243; css_animation=&#8221;right-to-left&#8221; css=&#8221;.vc_custom_1575633038935{margin-top: 3px !important;margin-right: 3px !important;margin-bottom: 3px !important;margin-left: 3px !important;padding-top: 3px !important;padding-right: 3px !important;padding-bottom: 3px !important;padding-left: 3px !important;}&#8221; accent_color=&#8221;#fecd08&#8243;][\/vc_column_inner][vc_column_inner width=&#8221;1\/2&#8243;][\/vc_column_inner][\/vc_row_inner][\/vc_column][\/vc_row][vc_row][vc_column width=&#8221;1\/4&#8243;][\/vc_column][vc_column width=&#8221;1\/2&#8243;][vc_column_text css=&#8221;.vc_custom_1579263385611{margin-top: 0px !important;margin-right: 0px !important;margin-bottom: 0px !important;margin-left: 0px !important;padding-top: 3px !important;padding-right: 3px !important;padding-bottom: 3px !important;padding-left: 3px !important;}&#8221;]<\/p>\n<h3 style=\"text-align: center;\"><span style=\"color: #000000;\">Necessites ajuda? <\/span><\/h3>\n<h3 style=\"text-align: center;\"><span style=\"color: #000000;\">Tens dubtes i t\u2019agradaria parlar amb un o una professional?<\/span><\/h3>\n<p>[\/vc_column_text][vc_separator color=&#8221;custom&#8221; border_width=&#8221;2&#8243; css_animation=&#8221;fadeInLeft&#8221; accent_color=&#8221;#fecd08&#8243;][vc_column_text]<\/p>\n<h4 style=\"text-align: center;\"><strong><span style=\"color: #000000;\">Tel\u00e8fon d\u2019emerg\u00e8ncies<\/span><\/strong><\/h4>\n<h4 style=\"text-align: center;\"><strong><span style=\"color: #000000;\">112<\/span><\/strong><\/h4>\n<p>[\/vc_column_text][vc_separator color=&#8221;custom&#8221; el_width=&#8221;50&#8243; css_animation=&#8221;none&#8221; accent_color=&#8221;#fecd08&#8243;][vc_column_text]<\/p>\n<h4 style=\"text-align: center;\"><strong><span style=\"color: #000000;\">Tel\u00e8fon Inf\u00e0ncia Respon<\/span><\/strong><\/h4>\n<h4 style=\"text-align: center;\"><strong><span style=\"color: #000000;\">116 111<\/span><\/strong><\/h4>\n<p style=\"text-align: center;\"><span style=\"color: #000000;\">Servei p\u00fablic d\u2019atenci\u00f3 telef\u00f2nica, que funciona les 24 hores del dia, els 365 dies de l\u2019any<\/span><\/p>\n<p>[\/vc_column_text][vc_separator color=&#8221;custom&#8221; el_width=&#8221;50&#8243; css_animation=&#8221;none&#8221; accent_color=&#8221;#fecd08&#8243;][vc_column_text]<\/p>\n<h4 style=\"text-align: center;\"><strong><span style=\"color: #000000;\">Unitat Funcional d\u2019Ab\u00fas al Menor (UFAM) Hospital Sant Joan de D\u00e9u, Barcelona<\/span><\/strong><\/h4>\n<h4 style=\"text-align: center;\"><strong><span style=\"color: #000000;\">93 253 21 13 <\/span><\/strong><\/h4>\n<p style=\"text-align: center;\"><span style=\"color: #000000;\">Unitat especialitzada que ofereix una resposta multidisciplin\u00e0ria a tots els casos en qu\u00e8 es sospita un possible ab\u00fas sexual infantil.<\/span><\/p>\n<p>[\/vc_column_text][vc_separator color=&#8221;custom&#8221; el_width=&#8221;50&#8243; css_animation=&#8221;none&#8221; accent_color=&#8221;#fecd08&#8243;][vc_column_text]<\/p>\n<h4 style=\"text-align: center;\"><span style=\"color: #000000;\"><strong>Equips Funcionals d\u2019Inf\u00e0ncia (EFI)<\/strong><\/span><\/h4>\n<p style=\"text-align: center;\"><span style=\"color: #000000;\">S\u00f3n les unitats b\u00e0siques de funcionament dels serveis territorials de la DGAIA* i s\u00f3n responsables, entre d\u2019altres,\u00a0 de la gesti\u00f3 dels expedients dels infants i adolescents que han patit alguna situaci\u00f3 de risc.<\/span><\/p>\n<p style=\"text-align: center;\"><span style=\"color: #000000;\">A Catalunya hi ha un total de 15 unitats i una espec\u00edfica per els i les menors d\u2019origen estranger no acompanyats.<\/span><\/p>\n<p style=\"text-align: center;\"><span style=\"color: #000000;\">*DGAIA- Direcci\u00f3 General d\u2019Atenci\u00f3 a la Inf\u00e0ncia i l\u2019Adolesc\u00e8ncia: organisme que promou el benestar de la inf\u00e0ncia i adolesc\u00e8ncia en alt risc de marginaci\u00f3 social.<\/span><\/p>\n<p>[\/vc_column_text][vc_separator color=&#8221;custom&#8221; el_width=&#8221;50&#8243; css_animation=&#8221;none&#8221; accent_color=&#8221;#fecd08&#8243;][vc_column_text]<\/p>\n<h4 style=\"text-align: center;\"><span style=\"color: #000000;\"><strong>Serveis Territorials de Treball, Afers Socials i Fam\u00edlies Girona<\/strong><\/span><\/h4>\n<h4 style=\"text-align: center;\"><span style=\"color: #000000;\"><strong> 872 975 000<\/strong><\/span><\/h4>\n<p style=\"text-align: center;\"><span style=\"color: #000000;\">Organisme encarregat de les pol\u00edtiques de serveis, prestacions i protecci\u00f3 socials, alhora que gestiona els equipaments assistencials de la xarxa.<\/span><\/p>\n<p>[\/vc_column_text][vc_separator color=&#8221;custom&#8221; el_width=&#8221;50&#8243; css_animation=&#8221;none&#8221; accent_color=&#8221;#fecd08&#8243;][vc_column_text]<\/p>\n<h4 style=\"text-align: center;\"><strong><span style=\"color: #000000;\">Institut d\u00b4Assist\u00e8ncia Sanit\u00e0ria, CAP, Ripoll<\/span><\/strong><\/h4>\n<h4 style=\"text-align: center;\"><strong><span style=\"color: #000000;\">972 700 624<\/span><\/strong><\/h4>\n<p>[\/vc_column_text][vc_separator color=&#8221;custom&#8221; el_width=&#8221;50&#8243; css_animation=&#8221;none&#8221; accent_color=&#8221;#fecd08&#8243;][vc_column_text]<\/p>\n<h4 style=\"text-align: center;\"><strong><span style=\"color: #000000;\">Hospital Comarcal de Campdev\u00e0nol<\/span><\/strong><\/h4>\n<h4 style=\"text-align: center;\"><strong><span style=\"color: #000000;\">972 730 013<\/span><\/strong><\/h4>\n<p>[\/vc_column_text][vc_separator color=&#8221;custom&#8221; el_width=&#8221;50&#8243; css_animation=&#8221;none&#8221; accent_color=&#8221;#fecd08&#8243;][vc_column_text]<\/p>\n<h4 style=\"text-align: center;\"><span style=\"color: #000000;\"><strong>Mossos d\u00b4Esquadra, Ripoll<\/strong><\/span><\/h4>\n<h4 style=\"text-align: center;\"><span style=\"color: #000000;\"><strong>972 541 750<\/strong><\/span><\/h4>\n<p>[\/vc_column_text][vc_separator color=&#8221;custom&#8221; el_width=&#8221;50&#8243; css_animation=&#8221;none&#8221; accent_color=&#8221;#fecd08&#8243;][vc_column_text]<\/p>\n<h4 style=\"text-align: center;\"><strong><span style=\"color: #000000;\">Policia Local de Ripoll<\/span><\/strong><\/h4>\n<h4 style=\"text-align: center;\"><strong><span style=\"color: #000000;\">972 714 414<\/span><\/strong><\/h4>\n<p>[\/vc_column_text][vc_separator color=&#8221;custom&#8221; el_width=&#8221;50&#8243; css_animation=&#8221;none&#8221; accent_color=&#8221;#fecd08&#8243;][vc_column_text]<\/p>\n<h4 style=\"text-align: center;\"><strong><span style=\"color: #000000;\">Consorci de Benestar Social del Ripoll\u00e8s<\/span><\/strong><\/h4>\n<h4 style=\"text-align: center;\"><strong><span style=\"color: #000000;\">972 715 839<\/span><\/strong><\/h4>\n<p>[\/vc_column_text][vc_separator color=&#8221;custom&#8221; el_width=&#8221;50&#8243; css_animation=&#8221;none&#8221; accent_color=&#8221;#fecd08&#8243;][vc_column_text]<\/p>\n<h4 style=\"text-align: center;\"><strong><span style=\"color: #000000;\">El Casal dels Joves el Galliner, Joventut del Ripoll\u00e8s<\/span><\/strong><\/h4>\n<h4 style=\"text-align: center;\"><strong><span style=\"color: #000000;\">630 785 704<\/span><\/strong><\/h4>\n<p style=\"text-align: center;\"><span style=\"color: #000000;\">Tarda Jove de Sexualitat, Servei de l\u2019Hospital Campdev\u00e0nol: Dimarts de 16h a 19h.<\/span><\/p>\n<p>[\/vc_column_text][vc_separator color=&#8221;custom&#8221; el_width=&#8221;50&#8243; css_animation=&#8221;none&#8221; accent_color=&#8221;#fecd08&#8243;][\/vc_column][vc_column width=&#8221;1\/4&#8243;][\/vc_column][\/vc_row][vc_row full_width=&#8221;stretch_row&#8221; content_placement=&#8221;middle&#8221; css=&#8221;.vc_custom_1576233571245{background-color: #fecd08 !important;}&#8221;][vc_column][vc_row_inner][vc_column_inner width=&#8221;1\/4&#8243;][\/vc_column_inner][vc_column_inner width=&#8221;1\/2&#8243;][vc_empty_space height=&#8221;10px&#8221;][vc_column_text css=&#8221;.vc_custom_1576662339086{margin: 0px !important;padding: 3px !important;}&#8221;]<\/p>\n<h3 style=\"text-align: center;\"><span style=\"color: #000000;\">Contacta amb nosaltres<\/span><\/h3>\n<p>[\/vc_column_text][vc_separator color=&#8221;black&#8221; border_width=&#8221;2&#8243; css_animation=&#8221;fadeInLeft&#8221;][\/vc_column_inner][vc_column_inner width=&#8221;1\/4&#8243;][\/vc_column_inner][\/vc_row_inner][vc_row_inner][vc_column_inner width=&#8221;1\/6&#8243;][\/vc_column_inner][vc_column_inner width=&#8221;2\/3&#8243;][vc_column_text]<span style=\"color: #000000;\">Est\u00e0s interessat\/da en rebre informaci\u00f3 sobre els nostres tallers de formaci\u00f3 i\/o prevenci\u00f3 de l&#8217;Ab\u00fas Sexual Infantil? Contacta&#8217;ns sense comporm\u00eds i t&#8217;explicarem tot el que necessitis.<\/span>[\/vc_column_text][\/vc_column_inner][vc_column_inner width=&#8221;1\/6&#8243;][\/vc_column_inner][\/vc_row_inner][vc_row_inner][vc_column_inner width=&#8221;1\/6&#8243;][\/vc_column_inner][vc_column_inner width=&#8221;3\/6&#8243;]\n<div class=\"wpcf7 no-js\" id=\"wpcf7-f142-o1\" lang=\"ca\" dir=\"ltr\" data-wpcf7-id=\"142\">\n<div class=\"screen-reader-response\"><p role=\"status\" aria-live=\"polite\" aria-atomic=\"true\"><\/p> <ul><\/ul><\/div>\n<form action=\"\/ca\/wp-json\/wp\/v2\/pages\/307#wpcf7-f142-o1\" method=\"post\" class=\"wpcf7-form init\" aria-label=\"Formulari de contacte\" novalidate=\"novalidate\" data-status=\"init\">\n<fieldset class=\"hidden-fields-container\"><input type=\"hidden\" name=\"_wpcf7\" value=\"142\" \/><input type=\"hidden\" name=\"_wpcf7_version\" value=\"6.1.5\" \/><input type=\"hidden\" name=\"_wpcf7_locale\" value=\"ca\" \/><input type=\"hidden\" name=\"_wpcf7_unit_tag\" value=\"wpcf7-f142-o1\" \/><input type=\"hidden\" name=\"_wpcf7_container_post\" value=\"0\" \/><input type=\"hidden\" name=\"_wpcf7_posted_data_hash\" value=\"\" \/>\n<\/fieldset>\n<p><span style=\"color: #000000;\"><label> El teu nom* <span class=\"wpcf7-form-control-wrap\" data-name=\"your-name\"><input size=\"40\" maxlength=\"400\" class=\"wpcf7-form-control wpcf7-text wpcf7-validates-as-required\" aria-required=\"true\" aria-invalid=\"false\" value=\"\" type=\"text\" name=\"your-name\" \/><\/span> <\/label> <label> Adre\u00e7a de correu electr\u00f2nic* <span class=\"wpcf7-form-control-wrap\" data-name=\"your-email\"><input size=\"40\" maxlength=\"400\" class=\"wpcf7-form-control wpcf7-email wpcf7-validates-as-required wpcf7-text wpcf7-validates-as-email\" aria-required=\"true\" aria-invalid=\"false\" value=\"\" type=\"email\" name=\"your-email\" \/><\/span> <\/label> <label> Assumpte <span class=\"wpcf7-form-control-wrap\" data-name=\"your-subject\"><input size=\"40\" maxlength=\"400\" class=\"wpcf7-form-control wpcf7-text\" aria-invalid=\"false\" value=\"\" type=\"text\" name=\"your-subject\" \/><\/span> <\/label> <label>Missatge<span class=\"wpcf7-form-control-wrap\" data-name=\"your-message\"><textarea cols=\"40\" rows=\"10\" maxlength=\"2000\" class=\"wpcf7-form-control wpcf7-textarea\" aria-invalid=\"false\" name=\"your-message\"><\/textarea><\/span> <\/label><br \/>\n<\/span>\n<\/p>\n<div>\n\t<lavel>\n\t\t<p><span class=\"wpcf7-form-control-wrap\" data-name=\"acceptance-552\"><span class=\"wpcf7-form-control wpcf7-acceptance\"><span class=\"wpcf7-list-item\"><label><input type=\"checkbox\" name=\"acceptance-552\" value=\"1\" aria-invalid=\"false\" \/><span class=\"wpcf7-list-item-label\"><span style=\"color: #000000;\">He llegit i accepto la<strong><em><u><span style=\"color: #000000;\"><a style=\"color: #000000;\" href=\"https:\/\/associacioreach.org\/avis-legal-i-politica-de-privacitat\/\">pol\u00edtica de privacitat<\/a><\/span>.<\/u><\/em><\/strong><\/span><\/label><\/span><\/span><\/span>\n\t\t<\/p>\n\t<\/lavel>\n<\/div>\n<div>\n\t<lavel>\n\t\t<p><span class=\"wpcf7-form-control-wrap\" data-name=\"acceptance-170\"><span class=\"wpcf7-form-control wpcf7-acceptance optional\"><span class=\"wpcf7-list-item\"><label><input type=\"checkbox\" name=\"acceptance-170\" value=\"1\" aria-invalid=\"false\" \/><span class=\"wpcf7-list-item-label\"><span style=\"color: #000000;\">Autoritzo l&#39;enviament d&#39;informaci\u00f3 comercial i del butllet\u00ed de not\u00edcies.<\/span><\/label><\/span><\/span><\/span>\n\t\t<\/p>\n\t<\/lavel>\n<\/div>\n<div>\n\t<lavel>\n\t\t<p><span style=\"color: #000000;\"><strong>INFORMACI\u00d3 B\u00c0SICA SOBRE PROTECCI\u00d3 DE DADES<\/strong><\/span>\n\t\t<\/p>\n\t\t<ul>\n\t\t\t<li>\n\t\t\t\t<p><span style=\"color: #000000;\"><strong>Responsable del tractament:<\/strong> ASSOCIACI\u00d3 REACH PER A LA PREVENCI\u00d3 DE L'AB\u00daS<\/span>\n\t\t\t\t<\/p>\n\t\t\t<\/li>\n\t\t\t<li>\n\t\t\t\t<p><span style=\"color: #000000;\"><strong>Finalitat del tractament:<\/strong> Mantenir una relaci\u00f3 amb l'Usuari i, si ens autoritza, l'enviament de newsletters, comunicacions comercials i promocions.<\/span>\n\t\t\t\t<\/p>\n\t\t\t<\/li>\n\t\t\t<li>\n\t\t\t\t<p><span style=\"color: #000000;\"><strong>Legitimaci\u00f3 del tractament:<\/strong> Inter\u00e8s leg\u00edtim i consentiment de l'interessat\/da.<\/span>\n\t\t\t\t<\/p>\n\t\t\t<\/li>\n\t\t\t<li>\n\t\t\t\t<p><span style=\"color: #000000;\"><strong>Conservaci\u00f3 de les dades:<\/strong> Es conservaran durant el temps que hi hagi un inter\u00e8s mutu o durant el temps que sigui necessari per al compliment d'obligacions legals.<\/span>\n\t\t\t\t<\/p>\n\t\t\t<\/li>\n\t\t\t<li>\n\t\t\t\t<p><span style=\"color: #000000;\"><strong>Destinataris:<\/strong> Prestadors de serveis o col\u00b7laboradors. <\/span>\n\t\t\t\t<\/p>\n\t\t\t<\/li>\n\t\t\t<li>\n\t\t\t\t<p><span style=\"color: #000000;\"><strong>Drets<\/strong>: Dret a retirar el consentiment en qualsevol moment. Dret d'acc\u00e9s, rectificaci\u00f3, portabilitat i supressi\u00f3 de les seves dades i de la limitaci\u00f3 o oposici\u00f3 al seu tractament. Dades de contacte per exercir els teus drets: associacioreach@gmail.com<\/span>\n\t\t\t\t<\/p>\n\t\t\t<\/li>\n\t\t\t<li>\n\t\t\t\t<p><span style=\"color: #000000;\">I<strong>nformaci\u00f3 addicional:<\/strong> Podeu trobar m\u00e9s informaci\u00f3 a la nostra <a style=\"color: #000000;\" href=\"https:\/\/associacioreach.org\/aviso-legal-y-politica-de-privacidad\/\" target=\"_blank\" rel=\"noopener\">Pol\u00edtica de Privacitat.<\/a><\/span>\n\t\t\t\t<\/p>\n\t\t\t<\/li>\n\t\t<\/ul>\n\t<\/lavel>\n<\/div>\n<p><BUTTON><input class=\"wpcf7-form-control wpcf7-submit has-spinner\" type=\"submit\" value=\"ENVIAR MISSATGE\" \/><\/button>\n<\/p><div class=\"wpcf7-response-output\" aria-hidden=\"true\"><\/div>\n<\/form>\n<\/div>\n[\/vc_column_inner][vc_column_inner width=&#8221;1\/6&#8243;][vc_empty_space height=&#8221;1px&#8221;][vc_btn title=&#8221;Instagram&#8221; style=&#8221;outline-custom&#8221; outline_custom_color=&#8221;#000000&#8243; outline_custom_hover_background=&#8221;#fecd08&#8243; outline_custom_hover_text=&#8221;#ffffff&#8221; shape=&#8221;round&#8221; size=&#8221;sm&#8221; align=&#8221;center&#8221; i_icon_fontawesome=&#8221;fa fa-instagram&#8221; button_block=&#8221;true&#8221; add_icon=&#8221;true&#8221; link=&#8221;url:https%3A%2F%2Fwww.instagram.com%2Fassociacioreach%2F||target:%20_blank|&#8221;][vc_btn title=&#8221;YouTube&#8221; style=&#8221;outline-custom&#8221; outline_custom_color=&#8221;#000000&#8243; outline_custom_hover_background=&#8221;#fecd08&#8243; outline_custom_hover_text=&#8221;#ffffff&#8221; shape=&#8221;round&#8221; size=&#8221;sm&#8221; align=&#8221;center&#8221; i_icon_fontawesome=&#8221;fa fa-youtube&#8221; button_block=&#8221;true&#8221; add_icon=&#8221;true&#8221; link=&#8221;url:https%3A%2F%2Fwww.youtube.com%2Fchannel%2FUCXaJyz-B3Z5OdlqE2TqlTpA||target:%20_blank|&#8221;][vc_btn title=&#8221;Facebook&#8221; style=&#8221;outline-custom&#8221; outline_custom_color=&#8221;#000000&#8243; outline_custom_hover_background=&#8221;#fecd08&#8243; outline_custom_hover_text=&#8221;#ffffff&#8221; shape=&#8221;round&#8221; size=&#8221;sm&#8221; align=&#8221;center&#8221; i_icon_fontawesome=&#8221;fa fa-facebook&#8221; button_block=&#8221;true&#8221; add_icon=&#8221;true&#8221; link=&#8221;url:https%3A%2F%2Fwww.facebook.com%2FAsociaci%25C3%25B3n-Reach-NGO-152628231734983%2F%3Fepa%3DSEARCH_BOX||target:%20_blank|&#8221;][vc_btn title=&#8221;Ripoll i Girona&#8221; style=&#8221;outline-custom&#8221; outline_custom_color=&#8221;#000000&#8243; outline_custom_hover_background=&#8221;#fecd08&#8243; outline_custom_hover_text=&#8221;#ffffff&#8221; shape=&#8221;round&#8221; size=&#8221;sm&#8221; align=&#8221;center&#8221; i_icon_fontawesome=&#8221;fa fa-map-marker&#8221; button_block=&#8221;true&#8221; add_icon=&#8221;true&#8221; link=&#8221;|||&#8221;][\/vc_column_inner][vc_column_inner width=&#8221;1\/6&#8243;][\/vc_column_inner][\/vc_row_inner][vc_row_inner][vc_column_inner width=&#8221;1\/4&#8243;][\/vc_column_inner][vc_column_inner width=&#8221;1\/2&#8243;][vc_separator color=&#8221;custom&#8221; border_width=&#8221;2&#8243; css_animation=&#8221;bounceInUp&#8221; accent_color=&#8221;#000000&#8243;][vc_column_text]<\/p>\n<h3 style=\"text-align: center;\"><strong><span style=\"color: #000000;\">Si detectes o est\u00e0s patint ab\u00fas sexual infantil<\/span><\/strong><\/h3>\n<h3 style=\"text-align: center;\"><strong><span style=\"color: #000000;\">#INF\u00c0NCIARESPON<\/span><\/strong><\/h3>\n<h3 style=\"text-align: center;\"><strong><span style=\"color: #000000;\">116 111<\/span><\/strong><\/h3>\n<p>[\/vc_column_text][vc_btn title=&#8221;Tens dubtes i t\u2019agradaria parlar amb un professional?&#8221; style=&#8221;outline-custom&#8221; outline_custom_color=&#8221;#000000&#8243; outline_custom_hover_background=&#8221;#fecd08&#8243; outline_custom_hover_text=&#8221;#ffffff&#8221; shape=&#8221;round&#8221; size=&#8221;lg&#8221; align=&#8221;center&#8221; i_icon_fontawesome=&#8221;fa fa-comments-o&#8221; button_block=&#8221;true&#8221; add_icon=&#8221;true&#8221; link=&#8221;url:https%3A%2F%2Fassociacioreach.org%2Fdemana-ajuda%2F|title:DEMANA%20AJUDA||&#8221;][vc_separator color=&#8221;custom&#8221; border_width=&#8221;2&#8243; css_animation=&#8221;bounceInDown&#8221; accent_color=&#8221;#000000&#8243;][\/vc_column_inner][vc_column_inner width=&#8221;1\/4&#8243;][\/vc_column_inner][\/vc_row_inner][\/vc_column][\/vc_row]<\/p>\n","protected":false},"excerpt":{"rendered":"<p>[vc_row full_width=&#8221;stretch_row&#8221; full_height=&#8221;yes&#8221; parallax=&#8221;content-moving&#8221; parallax_image=&#8221;308&#8243; parallax_speed_bg=&#8221;1&#8243;][vc_column css_animation=&#8221;left-to-right&#8221; css=&#8221;.vc_custom_1575633000367{margin: 32px !important;padding: 32px !important;border: 32px initial !important;}&#8221;][vc_empty_space height=&#8221;250px&#8221;][vc_row_inner][vc_column_inner width=&#8221;1\/2&#8243;][vc_column_text] NECESSITES AJUDA? [\/vc_column_text][vc_separator color=&#8221;custom&#8221; border_width=&#8221;4&#8243; css_animation=&#8221;right-to-left&#8221; css=&#8221;.vc_custom_1575633038935{margin-top: 3px !important;margin-right:<span class=\"excerpt-hellip\"> [\u2026]<\/span><\/p>\n","protected":false},"author":1,"featured_media":0,"parent":0,"menu_order":0,"comment_status":"closed","ping_status":"closed","template":"","meta":{"footnotes":""},"class_list":["post-307","page","type-page","status-publish","hentry"],"_links":{"self":[{"href":"https:\/\/associacioreach.org\/ca\/wp-json\/wp\/v2\/pages\/307","targetHints":{"allow":["GET"]}}],"collection":[{"href":"https:\/\/associacioreach.org\/ca\/wp-json\/wp\/v2\/pages"}],"about":[{"href":"https:\/\/associacioreach.org\/ca\/wp-json\/wp\/v2\/types\/page"}],"author":[{"embeddable":true,"href":"https:\/\/associacioreach.org\/ca\/wp-json\/wp\/v2\/users\/1"}],"replies":[{"embeddable":true,"href":"https:\/\/associacioreach.org\/ca\/wp-json\/wp\/v2\/comments?post=307"}],"version-history":[{"count":22,"href":"https:\/\/associacioreach.org\/ca\/wp-json\/wp\/v2\/pages\/307\/revisions"}],"predecessor-version":[{"id":377,"href":"https:\/\/associacioreach.org\/ca\/wp-json\/wp\/v2\/pages\/307\/revisions\/377"}],"wp:attachment":[{"href":"https:\/\/associacioreach.org\/ca\/wp-json\/wp\/v2\/media?parent=307"}],"curies":[{"name":"wp","href":"https:\/\/api.w.org\/{rel}","templated":true}]}}