{"id":605,"date":"2020-10-13T11:04:04","date_gmt":"2020-10-13T11:04:04","guid":{"rendered":"https:\/\/associacioreach.org\/?page_id=605"},"modified":"2020-10-30T10:07:09","modified_gmt":"2020-10-30T10:07:09","slug":"tabu-illustracions-demma-morales-ruiz-i-associacio-reach","status":"publish","type":"page","link":"https:\/\/associacioreach.org\/ca\/tabu-illustracions-demma-morales-ruiz-i-associacio-reach\/","title":{"rendered":"Tab\u00fa Illustracions d\u2019Emma Morales Ruiz i Associaci\u00f3 Reach"},"content":{"rendered":"<p>[vc_row full_width=&#8221;stretch_row_content_no_spaces&#8221; full_height=&#8221;yes&#8221; columns_placement=&#8221;top&#8221; content_placement=&#8221;top&#8221; parallax=&#8221;content-moving-fade&#8221; parallax_image=&#8221;612&#8243; parallax_speed_bg=&#8221;1&#8243;][vc_column css_animation=&#8221;left-to-right&#8221; css=&#8221;.vc_custom_1575633000367{margin: 32px !important;padding: 32px !important;border: 32px initial !important;}&#8221;][vc_empty_space height=&#8221;250px&#8221;][vc_row_inner][vc_column_inner width=&#8221;2\/3&#8243;][vc_column_text]<\/p>\n<h1 style=\"text-align: left;\"><strong><span style=\"color: #000000;\">TAB\u00da<\/span><\/strong><\/h1>\n<h1 style=\"text-align: left;\"><strong><span style=\"color: #000000;\">Illustracions d\u2019Emma Morales Ruiz i<\/span><\/strong><\/h1>\n<h1 style=\"text-align: left;\"><strong><span style=\"color: #000000;\"> Associaci\u00f3 Reach<br \/>\n<\/span><\/strong><\/h1>\n<p>[\/vc_column_text][vc_separator color=&#8221;custom&#8221; border_width=&#8221;4&#8243; css_animation=&#8221;right-to-left&#8221; css=&#8221;.vc_custom_1575633038935{margin-top: 3px !important;margin-right: 3px !important;margin-bottom: 3px !important;margin-left: 3px !important;padding-top: 3px !important;padding-right: 3px !important;padding-bottom: 3px !important;padding-left: 3px !important;}&#8221; accent_color=&#8221;#fecd08&#8243;][\/vc_column_inner][vc_column_inner width=&#8221;1\/3&#8243;][\/vc_column_inner][\/vc_row_inner][\/vc_column][\/vc_row][vc_row css=&#8221;.vc_custom_1575627063813{margin: 0px !important;padding: 0px !important;border: 0px initial !important;}&#8221;][vc_column][\/vc_column][\/vc_row][vc_row css=&#8221;.vc_custom_1575627063813{margin: 0px !important;padding: 0px !important;border: 0px initial !important;}&#8221;][vc_column][vc_row_inner][vc_column_inner width=&#8221;2\/3&#8243;][vc_column_text css=&#8221;.vc_custom_1602577704831{margin-top: 0px !important;margin-right: 0px !important;margin-bottom: 0px !important;margin-left: 0px !important;padding-top: 3px !important;padding-right: 3px !important;padding-bottom: 3px !important;padding-left: 3px !important;}&#8221;]<\/p>\n<h3 style=\"text-align: center;\"><span style=\"color: #000000;\">\u201cTab\u00fa\u201d, prendre consci\u00e8ncia sobre l\u2019ab\u00fas sexual infantil<\/span><\/h3>\n<p>[\/vc_column_text][vc_separator color=&#8221;custom&#8221; border_width=&#8221;2&#8243; css_animation=&#8221;fadeInLeft&#8221; css=&#8221;.vc_custom_1576578254939{margin-top: 3px !important;margin-right: 3px !important;margin-bottom: 3px !important;margin-left: 3px !important;padding-top: 3px !important;padding-right: 3px !important;padding-bottom: 3px !important;padding-left: 3px !important;}&#8221; accent_color=&#8221;#fecd08&#8243;][vc_empty_space height=&#8221;10px&#8221;][vc_column_text css=&#8221;.vc_custom_1602585552141{margin-top: 3px !important;margin-right: 3px !important;margin-bottom: 3px !important;margin-left: 3px !important;padding-top: 3px !important;padding-right: 3px !important;padding-bottom: 3px !important;padding-left: 3px !important;}&#8221;]TAB\u00da, \u00e9s una obra formada per un conjunt d\u2019il\u00b7lustracions amb l\u2019objectiu d\u2019informar, prevenir, conscienciar i reflexionar sobre l\u2019Ab\u00fas Sexual Infantil existent a les nostres llars i el nostre entorn proper. Malauradament, 1 de cada 5 nens i nenes de Catalunya i la resta de l\u2019estat ha patit i\/o est\u00e0 patint una situaci\u00f3 de viol\u00e8ncia sexual abans d\u2019arribar a la majoria d\u2019edat.<\/p>\n<p>L\u2019exposici\u00f3 t\u00e9 per objectiu arribar a fam\u00edlies, a professionals de la salut i de l\u2019educaci\u00f3 i sobretot, donar visibilitat a aquesta pand\u00e8mia silenciosa sense deixar de banda l\u2019apoderament dels menors. El projecte pret\u00e9n apropar-nos a aquesta realitat i conscienciar-nos sobre les senyals d\u2019alerta i detecci\u00f3.<\/p>\n<p>TAB\u00da, forma part del primer projecte art\u00edstic de l\u2019Associaci\u00f3 Reach amb seu a Girona des del 2017. Aquest projecte, ha estat possible gr\u00e0cies a la col\u00b7laboraci\u00f3 altruista de l\u2019Emma Morales Ruiz.[\/vc_column_text][vc_empty_space height=&#8221;20px&#8221;][\/vc_column_inner][vc_column_inner width=&#8221;2\/6&#8243;][\/vc_column_inner][\/vc_row_inner][vc_row_inner content_placement=&#8221;top&#8221;][vc_column_inner width=&#8221;2\/3&#8243;][vc_column_text css=&#8221;.vc_custom_1602585591453{margin-top: 0px !important;margin-right: 0px !important;margin-bottom: 0px !important;margin-left: 0px !important;padding-top: 3px !important;padding-right: 3px !important;padding-bottom: 3px !important;padding-left: 3px !important;}&#8221;]<\/p>\n<h3 style=\"text-align: center;\"><span style=\"color: #000000;\">Sobre l\u2019Emma Morales Ruiz<\/span><\/h3>\n<p>[\/vc_column_text][vc_separator color=&#8221;custom&#8221; border_width=&#8221;2&#8243; css_animation=&#8221;fadeInLeft&#8221; css=&#8221;.vc_custom_1576578254939{margin-top: 3px !important;margin-right: 3px !important;margin-bottom: 3px !important;margin-left: 3px !important;padding-top: 3px !important;padding-right: 3px !important;padding-bottom: 3px !important;padding-left: 3px !important;}&#8221; accent_color=&#8221;#fecd08&#8243;][vc_empty_space height=&#8221;10px&#8221;][vc_column_text css=&#8221;.vc_custom_1602585855443{margin-top: 3px !important;margin-right: 3px !important;margin-bottom: 3px !important;margin-left: 3px !important;padding-top: 3px !important;padding-right: 3px !important;padding-bottom: 3px !important;padding-left: 3px !important;}&#8221;]L\u2019Emma Morales Ruiz \u00e9s una artista nascuda a Madrid al 1981, i resident a Irlanda. Morales Ruiz \u00e9s una veterin\u00e0ria i artista amb facetes multidisciplin\u00e0ries on les hagi. Combina el seu treball amb la seva passi\u00f3: la pintura, el disseny i la sensibilitat per transmetre\u2019ns formes i perspectives del dia a dia. El seu ull art\u00edstic tra\u00e7a l\u00ednies elegants sense perdre la sensibilitat que impregnen un realisme social amb subtilesa amb els colors. Emma, \u00e9s dona, filla i mare. Va decidir col\u00b7laborar en aquest projecte des del primer minut. Podeu trobar totes les seves obres al seu perfil de Instagram &#8211; <strong><a href=\"https:\/\/www.instagram.com\/emmaeme_ilustra\/\" target=\"_blank\" rel=\"noopener noreferrer\">@emmaeme_ilustra<\/a><\/strong>[\/vc_column_text][vc_empty_space height=&#8221;20px&#8221;][vc_video link=&#8221;https:\/\/www.youtube.com\/watch?v=ZVuQ_6PhPtw&amp;feature=youtu.be&amp;ab_channel=ReachAssociaci%C3%B3&#8243;][\/vc_column_inner][vc_column_inner width=&#8221;2\/6&#8243;][vc_single_image image=&#8221;598&#8243; img_size=&#8221;full&#8221; alignment=&#8221;center&#8221; onclick=&#8221;custom_link&#8221; img_link_target=&#8221;_blank&#8221; link=&#8221;https:\/\/www.instagram.com\/emmaeme_ilustra\/&#8221;][\/vc_column_inner][\/vc_row_inner][\/vc_column][\/vc_row][vc_row full_width=&#8221;stretch_row_content&#8221; css=&#8221;.vc_custom_1576144966683{background-color: #fecd08 !important;}&#8221;][vc_column width=&#8221;1\/6&#8243;][\/vc_column][vc_column width=&#8221;2\/3&#8243;][vc_empty_space height=&#8221;20px&#8221;][vc_column_text css=&#8221;.vc_custom_1602586514434{margin-top: 0px !important;margin-right: 0px !important;margin-bottom: 0px !important;margin-left: 0px !important;padding-top: 3px !important;padding-right: 3px !important;padding-bottom: 3px !important;padding-left: 3px !important;}&#8221;]<\/p>\n<h1 style=\"text-align: left;\"><strong><span style=\"color: #000000;\">TAB\u00da: les il\u00b7lustracions<\/span><\/strong><\/h1>\n<p>[\/vc_column_text][vc_empty_space height=&#8221;30px&#8221;][\/vc_column][vc_column width=&#8221;1\/6&#8243;][\/vc_column][\/vc_row][vc_row content_placement=&#8221;bottom&#8221; css=&#8221;.vc_custom_1602586768380{margin-top: 0px !important;margin-right: 0px !important;margin-bottom: 0px !important;margin-left: 0px !important;padding-top: 0px !important;padding-right: 0px !important;padding-bottom: 0px !important;padding-left: 0px !important;}&#8221;][vc_column][vc_row_inner content_placement=&#8221;bottom&#8221;][vc_column_inner width=&#8221;2\/3&#8243;][vc_column_text css=&#8221;.vc_custom_1602586732426{margin-top: 0px !important;margin-right: 0px !important;margin-bottom: 0px !important;margin-left: 0px !important;padding-top: 3px !important;padding-right: 3px !important;padding-bottom: 3px !important;padding-left: 3px !important;}&#8221;]<\/p>\n<h2 style=\"text-align: left;\"><strong><span style=\"color: #000000;\">1 de cada 5<\/span><\/strong><\/h2>\n<p>[\/vc_column_text][vc_separator color=&#8221;custom&#8221; css_animation=&#8221;fadeInLeft&#8221; css=&#8221;.vc_custom_1602586789837{margin-top: 3px !important;margin-right: 3px !important;margin-bottom: 3px !important;margin-left: 3px !important;padding-top: 3px !important;padding-right: 3px !important;padding-bottom: 3px !important;padding-left: 3px !important;}&#8221; accent_color=&#8221;#000000&#8243;][vc_empty_space height=&#8221;10px&#8221;][vc_column_text css=&#8221;.vc_custom_1602586561849{margin-top: 3px !important;margin-right: 3px !important;margin-bottom: 3px !important;margin-left: 3px !important;padding-top: 3px !important;padding-right: 3px !important;padding-bottom: 3px !important;padding-left: 3px !important;}&#8221;]1 de cada 5 (segons el Consell de Europa) nens i nenes a Ripoll, a Girona, a Catalunya, a Europa i a arreu del m\u00f3n pateixen abusos sexuals durant la inf\u00e0ncia.<\/p>\n<p>Els abusos s\u00f3n comportaments de car\u00e0cter sexual, per part d\u00b4una persona major que tu, probablement conegut.\u00a0 Et provoquen malestar, i et fan sentir por, vergonya i culpa. Aquesta persona et diu que has de guardar aquest secret.<\/p>\n<p>Si no et sents b\u00e9 o si un company o companya de l\u2019escola est\u00e0 trist o trista, busqueu ajuda.[\/vc_column_text][vc_empty_space height=&#8221;20px&#8221;][\/vc_column_inner][vc_column_inner width=&#8221;2\/6&#8243;][vc_single_image image=&#8221;631&#8243; img_size=&#8221;full&#8221; alignment=&#8221;center&#8221;][\/vc_column_inner][\/vc_row_inner][vc_empty_space height=&#8221;10px&#8221;][\/vc_column][\/vc_row][vc_row content_placement=&#8221;bottom&#8221; css=&#8221;.vc_custom_1602586768380{margin-top: 0px !important;margin-right: 0px !important;margin-bottom: 0px !important;margin-left: 0px !important;padding-top: 0px !important;padding-right: 0px !important;padding-bottom: 0px !important;padding-left: 0px !important;}&#8221;][vc_column][vc_row_inner content_placement=&#8221;bottom&#8221;][vc_column_inner width=&#8221;2\/3&#8243;][vc_column_text css=&#8221;.vc_custom_1602586818943{margin-top: 0px !important;margin-right: 0px !important;margin-bottom: 0px !important;margin-left: 0px !important;padding-top: 3px !important;padding-right: 3px !important;padding-bottom: 3px !important;padding-left: 3px !important;}&#8221;]<\/p>\n<h2 style=\"text-align: left;\"><strong><span style=\"color: #000000;\">Els Secrets<\/span><\/strong><\/h2>\n<p>[\/vc_column_text][vc_separator color=&#8221;custom&#8221; css_animation=&#8221;fadeInLeft&#8221; css=&#8221;.vc_custom_1602586789837{margin-top: 3px !important;margin-right: 3px !important;margin-bottom: 3px !important;margin-left: 3px !important;padding-top: 3px !important;padding-right: 3px !important;padding-bottom: 3px !important;padding-left: 3px !important;}&#8221; accent_color=&#8221;#000000&#8243;][vc_empty_space height=&#8221;10px&#8221;][vc_column_text css=&#8221;.vc_custom_1602586839577{margin-top: 3px !important;margin-right: 3px !important;margin-bottom: 3px !important;margin-left: 3px !important;padding-top: 3px !important;padding-right: 3px !important;padding-bottom: 3px !important;padding-left: 3px !important;}&#8221;]Tots hem estat part d\u00b4algun secret durant la inf\u00e0ncia, potser una sorpresa d\u00b4aniversari, una nova mascota, un gelat de xocolata o un joc de canalla. Ens aporta complicitat, il\u00b7lusi\u00f3, pessigolles a la panxa, ens fa sentir part d\u00b4un grup, i \u00e9s una sensaci\u00f3 bonica, que podem compartir amb altres persones un cop el o la destinat\u00e0ria ha rebut la sorpresa, el regal, etc. Aquests s\u00f3n els secrets bons.<\/p>\n<p>A vegades, per\u00f2, persones del nostre entorn, en les que confiem, ens exigeixen que guardem secrets que ens fan sentir neguitosos, que ens provoquen malestar, que no entenem o que no ens agraden. Aquests secrets nom\u00e9s els coneixen el nen o nena i aquesta persona, que ens obliga a guardar silenci. Aquests secrets no s\u00f3n com els bons, que els podr\u00e0s explicar i compartir amb altres persones un cop hagi arribat el dia de la \u00b4sorpresa\u00b4 , sin\u00f3 que et demanar\u00e0 que el guardis per sempre. Si tu t\u00b4hi negues, \u00e9s possible que aquesta persona s\u00b4enfadi, o et digui coses que et fan por, com per exemple, que a casa ning\u00fa et creur\u00e0, o que si ho expliques, aix\u00f2 mateix que t\u00b4est\u00e0 fent a tu, li ho far\u00e0 a altres nens o nenes de la teva fam\u00edlia.<\/p>\n<p>Per ajudar als nens i nenes a discernir els secrets bons dels dolents, \u00e9s molt important que els hi recordem les difer\u00e8ncies entre els uns i els altres, i que deixem d\u00b4utilitzar aquest llenguatge, ja que els pot confondre.[\/vc_column_text][vc_empty_space height=&#8221;20px&#8221;][vc_column_text css=&#8221;.vc_custom_1602586933439{margin-top: 0px !important;margin-right: 0px !important;margin-bottom: 0px !important;margin-left: 0px !important;padding-top: 3px !important;padding-right: 3px !important;padding-bottom: 3px !important;padding-left: 3px !important;}&#8221;]<\/p>\n<h3 style=\"text-align: left;\"><strong><span style=\"color: #000000;\">Els secrets bons<\/span><\/strong><\/h3>\n<p>[\/vc_column_text][vc_empty_space height=&#8221;10px&#8221;][vc_column_text css=&#8221;.vc_custom_1602586954998{margin-top: 3px !important;margin-right: 3px !important;margin-bottom: 3px !important;margin-left: 3px !important;padding-top: 3px !important;padding-right: 3px !important;padding-bottom: 3px !important;padding-left: 3px !important;}&#8221;]Em fan sentir b\u00e9, feli\u00e7.<\/p>\n<p>Els podr\u00e9 explicar i compartir amb la meva fam\u00edlia i amics un cop hagi arribat el dia de la sorpresa.<\/p>\n<p>No m\u00b4obliguen a tocar les part \u00edntimes d\u00b4altres persones i tampoc em toquen el meu cos.<\/p>\n<p>No m\u00b4obliguen a fer coses que no vull fer.[\/vc_column_text][vc_empty_space height=&#8221;20px&#8221;][\/vc_column_inner][vc_column_inner width=&#8221;2\/6&#8243;][vc_single_image image=&#8221;623&#8243; img_size=&#8221;full&#8221; alignment=&#8221;center&#8221;][\/vc_column_inner][\/vc_row_inner][vc_row_inner content_placement=&#8221;bottom&#8221;][vc_column_inner width=&#8221;2\/3&#8243;][vc_column_text css=&#8221;.vc_custom_1602587213373{margin-top: 0px !important;margin-right: 0px !important;margin-bottom: 0px !important;margin-left: 0px !important;padding-top: 3px !important;padding-right: 3px !important;padding-bottom: 3px !important;padding-left: 3px !important;}&#8221;]<\/p>\n<h3 style=\"text-align: left;\"><strong><span style=\"color: #000000;\">Els secrets dolents<\/span><\/strong><\/h3>\n<p>[\/vc_column_text][vc_empty_space height=&#8221;10px&#8221;][vc_column_text css=&#8221;.vc_custom_1602587224165{margin-top: 3px !important;margin-right: 3px !important;margin-bottom: 3px !important;margin-left: 3px !important;padding-top: 3px !important;padding-right: 3px !important;padding-bottom: 3px !important;padding-left: 3px !important;}&#8221;]Em fan sentir trist.<\/p>\n<p>Aquesta persona em diu que no\u00a0 puc compartir o explicar aquest secret a ning\u00fa altre.<\/p>\n<p>No els entenc i em provoquen malestar (mal de panxa o de cap, no puc dormir, malsons, em fan por, etc.)<\/p>\n<p>Em fan tocaments de les meves parts \u00edntimes o em fa tocar les seves i no m\u00b4agrada.<\/p>\n<p>Em fan veure com altres persones es toquen a la televisi\u00f3 o davant meu.<\/p>\n<p>Em diuen que si els explico, s\u2019enfadaran amb mi.<\/p>\n<p>La persona que em fa guardar aquest secret \u00e9s m\u00e9s gran que jo, \u00e9s un conegut meu.[\/vc_column_text][vc_empty_space height=&#8221;20px&#8221;][\/vc_column_inner][vc_column_inner width=&#8221;2\/6&#8243;][vc_single_image image=&#8221;625&#8243; img_size=&#8221;full&#8221; alignment=&#8221;center&#8221;][\/vc_column_inner][\/vc_row_inner][vc_empty_space height=&#8221;10px&#8221;][\/vc_column][\/vc_row][vc_row content_placement=&#8221;bottom&#8221; css=&#8221;.vc_custom_1602586768380{margin-top: 0px !important;margin-right: 0px !important;margin-bottom: 0px !important;margin-left: 0px !important;padding-top: 0px !important;padding-right: 0px !important;padding-bottom: 0px !important;padding-left: 0px !important;}&#8221;][vc_column][vc_row_inner content_placement=&#8221;bottom&#8221;][vc_column_inner width=&#8221;2\/3&#8243;][vc_column_text css=&#8221;.vc_custom_1602587493522{margin-top: 0px !important;margin-right: 0px !important;margin-bottom: 0px !important;margin-left: 0px !important;padding-top: 3px !important;padding-right: 3px !important;padding-bottom: 3px !important;padding-left: 3px !important;}&#8221;]<\/p>\n<h2 style=\"text-align: left;\"><strong><span style=\"color: #000000;\">Grooming<\/span><\/strong><\/h2>\n<p>[\/vc_column_text][vc_separator color=&#8221;custom&#8221; css_animation=&#8221;fadeInLeft&#8221; css=&#8221;.vc_custom_1602586789837{margin-top: 3px !important;margin-right: 3px !important;margin-bottom: 3px !important;margin-left: 3px !important;padding-top: 3px !important;padding-right: 3px !important;padding-bottom: 3px !important;padding-left: 3px !important;}&#8221; accent_color=&#8221;#000000&#8243;][vc_empty_space height=&#8221;10px&#8221;][vc_column_text css=&#8221;.vc_custom_1602587901729{margin-top: 3px !important;margin-right: 3px !important;margin-bottom: 3px !important;margin-left: 3px !important;padding-top: 3px !important;padding-right: 3px !important;padding-bottom: 3px !important;padding-left: 3px !important;}&#8221;]El grooming \u00e9s un comportament a trav\u00e9s del qual una persona m\u00e9s gran que nosaltres, i sovint coneguda, ens fa fer coses que no estan b\u00e9. Ho fan a trav\u00e9s de l\u00b4engany, de manera disfressada, com si fos un joc. Poden utilitzar el xantatge i\/o la manipulaci\u00f3 a trav\u00e9s de la nostra confian\u00e7a.<\/p>\n<p>Utilitzen coses que normalment agraden als nens i nenes, com per exemple les llaminadures, un gosset, petits regals, paraules boniques, jocs divertits, etc. Per\u00f2 mica en mica, ens comencen a demanar que fem coses que no ens agraden o no entenem. Si els hi diem NO, aquesta persona s&#8217;enfada amb nosaltres.<\/p>\n<p>Potser et fa jugar a metges, tocant les teves parts \u00edntimes o fent que els hi toquis tu. Potser et diu que ets especial, o que aquests jocs s\u00f3n un secret, que ning\u00fa ha de saber.<\/p>\n<p>Recorda, els jocs i sorpreses que ens fan sentir b\u00e9, es poden explicar a altres persones. Si alg\u00fa et diu que guardis aquest secret, digues NO i busca ajuda.[\/vc_column_text][vc_empty_space height=&#8221;20px&#8221;][\/vc_column_inner][vc_column_inner width=&#8221;2\/6&#8243;][vc_single_image image=&#8221;627&#8243; img_size=&#8221;full&#8221; alignment=&#8221;center&#8221;][\/vc_column_inner][\/vc_row_inner][vc_row_inner content_placement=&#8221;bottom&#8221;][vc_column_inner width=&#8221;2\/3&#8243;][vc_column_text css=&#8221;.vc_custom_1602587554717{margin-top: 0px !important;margin-right: 0px !important;margin-bottom: 0px !important;margin-left: 0px !important;padding-top: 3px !important;padding-right: 3px !important;padding-bottom: 3px !important;padding-left: 3px !important;}&#8221;]<\/p>\n<h2 style=\"text-align: left;\"><strong><span style=\"color: #000000;\">No t\u2019ho callis<\/span><\/strong><\/h2>\n<p>[\/vc_column_text][vc_separator color=&#8221;custom&#8221; css_animation=&#8221;fadeInLeft&#8221; css=&#8221;.vc_custom_1602586789837{margin-top: 3px !important;margin-right: 3px !important;margin-bottom: 3px !important;margin-left: 3px !important;padding-top: 3px !important;padding-right: 3px !important;padding-bottom: 3px !important;padding-left: 3px !important;}&#8221; accent_color=&#8221;#000000&#8243;][vc_empty_space height=&#8221;10px&#8221;][vc_column_text css=&#8221;.vc_custom_1602587988345{margin-top: 3px !important;margin-right: 3px !important;margin-bottom: 3px !important;margin-left: 3px !important;padding-top: 3px !important;padding-right: 3px !important;padding-bottom: 3px !important;padding-left: 3px !important;}&#8221;]Quant alg\u00fa m\u00e9s gran que nosaltres ens fa participar en aquests jocs o comportaments no apropiats per a la nostra edat i relaci\u00f3 amb aquesta persona, podem sentir emocions que ens faran guardar el silenci.<\/p>\n<p>Podem sentir <strong>vergonya<\/strong>: perqu\u00e8 no entenem que ens est\u00e0 passant, perqu\u00e8 continuem veient a aquesta persona encara que ens provoca malestar, o perqu\u00e8 ens fa creure que aix\u00f2 que est\u00e0 passant \u00e9s un joc dels 2.<\/p>\n<p>Tamb\u00e9 podem sentir<strong> culpa<\/strong>, si creiem que nosaltres hem fet alguna cosa per a provocar aquests fets, que ens mereixem el que ens est\u00e0 passant.<\/p>\n<p>Una altre emoci\u00f3 que podem sentir \u00e9s la <strong>por<\/strong>. Una por que ens paralitza, que no ens permet buscar ajuda, o b\u00e9 perqu\u00e8 el que ens est\u00e0 passant ens provoca molt malestar, o b\u00e9 perqu\u00e8 aquesta persona et diu coses lletges, com per exemple, que si ho arribes a explicar ning\u00fa et creur\u00e0, o que tamb\u00e9 li far\u00e0 aix\u00f2 mateix al teu germ\u00e0 o germana.<\/p>\n<p>Recorda, tu no en tens la culpa. Si sents mal de panxa, mal de cap, tristor, no entens que t\u00b4est\u00e0 passant, <strong>no t&#8217;ho callis i busca ajuda!<\/strong>[\/vc_column_text][vc_empty_space height=&#8221;20px&#8221;][\/vc_column_inner][vc_column_inner width=&#8221;2\/6&#8243;][vc_single_image image=&#8221;629&#8243; img_size=&#8221;full&#8221; alignment=&#8221;center&#8221;][\/vc_column_inner][\/vc_row_inner][vc_row_inner content_placement=&#8221;bottom&#8221;][vc_column_inner width=&#8221;2\/3&#8243;][vc_column_text css=&#8221;.vc_custom_1602587609994{margin-top: 0px !important;margin-right: 0px !important;margin-bottom: 0px !important;margin-left: 0px !important;padding-top: 3px !important;padding-right: 3px !important;padding-bottom: 3px !important;padding-left: 3px !important;}&#8221;]<\/p>\n<h2 style=\"text-align: left;\"><strong><span style=\"color: #000000;\">El meu entorn i el planeta<\/span><\/strong><\/h2>\n<p>[\/vc_column_text][vc_separator color=&#8221;custom&#8221; css_animation=&#8221;fadeInLeft&#8221; css=&#8221;.vc_custom_1602586789837{margin-top: 3px !important;margin-right: 3px !important;margin-bottom: 3px !important;margin-left: 3px !important;padding-top: 3px !important;padding-right: 3px !important;padding-bottom: 3px !important;padding-left: 3px !important;}&#8221; accent_color=&#8221;#000000&#8243;][vc_empty_space height=&#8221;10px&#8221;][vc_column_text css=&#8221;.vc_custom_1602587918416{margin-top: 3px !important;margin-right: 3px !important;margin-bottom: 3px !important;margin-left: 3px !important;padding-top: 3px !important;padding-right: 3px !important;padding-bottom: 3px !important;padding-left: 3px !important;}&#8221;]Les persones adultes del teu entorn s\u00f3n les encarregades de protegir-te, de cuidar-te, de jugar amb tu, d\u2019ensenyar-te, d\u2019escoltar-te, d\u2019estimar-te i ajudar-te quant sigui necessari.<\/p>\n<p>El petit astronauta, est\u00e0 protegit per moltes persones, com ara, els pares, la fam\u00edlia, l\u00b4escola, els metges i metgesses, els amics i amigues, els monitors i monitores, etc. Cadascun en un espai diferent que aqu\u00ed anomenem planetes.<\/p>\n<p>Per\u00f2 a vegades, pot passar que una d\u00b4aquestes persones amb les que confiem, ens facin mal o ens facin fer coses que no ens agraden o no entenem.<\/p>\n<p>Quan aix\u00f2 passa, recorda que dins del teu propi sistema de planetes hi ha altres persones que s\u00ed que t&#8217;ajudaran.<\/p>\n<p><strong>Petit o GRAN astronauta, busca ajuda a un altre planeta!<\/strong>[\/vc_column_text][vc_empty_space height=&#8221;20px&#8221;][\/vc_column_inner][vc_column_inner width=&#8221;2\/6&#8243;][vc_single_image image=&#8221;635&#8243; img_size=&#8221;full&#8221; alignment=&#8221;center&#8221;][\/vc_column_inner][\/vc_row_inner][vc_row_inner content_placement=&#8221;bottom&#8221;][vc_column_inner width=&#8221;2\/3&#8243;][vc_column_text css=&#8221;.vc_custom_1602587680531{margin-top: 0px !important;margin-right: 0px !important;margin-bottom: 0px !important;margin-left: 0px !important;padding-top: 3px !important;padding-right: 3px !important;padding-bottom: 3px !important;padding-left: 3px !important;}&#8221;]<\/p>\n<h2 style=\"text-align: left;\"><strong><span style=\"color: #000000;\">Demana ajuda<\/span><\/strong><\/h2>\n<p>[\/vc_column_text][vc_separator color=&#8221;custom&#8221; css_animation=&#8221;fadeInLeft&#8221; css=&#8221;.vc_custom_1602586789837{margin-top: 3px !important;margin-right: 3px !important;margin-bottom: 3px !important;margin-left: 3px !important;padding-top: 3px !important;padding-right: 3px !important;padding-bottom: 3px !important;padding-left: 3px !important;}&#8221; accent_color=&#8221;#000000&#8243;][vc_empty_space height=&#8221;10px&#8221;][vc_column_text css=&#8221;.vc_custom_1602588022035{margin-top: 3px !important;margin-right: 3px !important;margin-bottom: 3px !important;margin-left: 3px !important;padding-top: 3px !important;padding-right: 3px !important;padding-bottom: 3px !important;padding-left: 3px !important;}&#8221;]Si tens dubtes, si sents malestar o coneixes alg\u00fa que estigui patint una situaci\u00f3 d\u00b4abusos, recorda, NO EST\u00c0S SOL NI SOLA. Busca a un\/a adult\/a de confian\u00e7a i explica-li qu\u00e8 t\u2019est\u00e0 passant. A vegades, les persones del nostre entorn no sabran qu\u00e8 fer o com ajudar-te, no pateixis, continua buscant ajuda, explica-ho a alg\u00fa altre.<\/p>\n<p>Tamb\u00e9 pots trucar a <strong>Inf\u00e0ncia Respon<\/strong>, aqu\u00ed t\u00b4escoltaran i et donaran ajuda.<\/p>\n<p><strong>Apunta&#8217;t aquest n\u00famero a la llibreta o m\u00f2bil:<\/strong><\/p>\n<p><strong>116 111<\/strong><\/p>\n<p>Quant puguis, busca un lloc tranquil des d\u00b4on puguis fer la trucada, aquest tel\u00e8fon funciona durant tot l&#8217;any, tant de dia com de nit.[\/vc_column_text][vc_empty_space height=&#8221;20px&#8221;][\/vc_column_inner][vc_column_inner width=&#8221;2\/6&#8243;][vc_single_image image=&#8221;633&#8243; img_size=&#8221;full&#8221; alignment=&#8221;center&#8221;][\/vc_column_inner][\/vc_row_inner][vc_row_inner content_placement=&#8221;bottom&#8221;][vc_column_inner width=&#8221;2\/3&#8243;][vc_column_text css=&#8221;.vc_custom_1602587728425{margin-top: 0px !important;margin-right: 0px !important;margin-bottom: 0px !important;margin-left: 0px !important;padding-top: 3px !important;padding-right: 3px !important;padding-bottom: 3px !important;padding-left: 3px !important;}&#8221;]<\/p>\n<h2 style=\"text-align: left;\"><strong><span style=\"color: #000000;\">El sem\u00e0for<\/span><\/strong><\/h2>\n<p>[\/vc_column_text][vc_separator color=&#8221;custom&#8221; css_animation=&#8221;fadeInLeft&#8221; css=&#8221;.vc_custom_1602586789837{margin-top: 3px !important;margin-right: 3px !important;margin-bottom: 3px !important;margin-left: 3px !important;padding-top: 3px !important;padding-right: 3px !important;padding-bottom: 3px !important;padding-left: 3px !important;}&#8221; accent_color=&#8221;#000000&#8243;][vc_empty_space height=&#8221;10px&#8221;][vc_column_text css=&#8221;.vc_custom_1602587744756{margin-top: 3px !important;margin-right: 3px !important;margin-bottom: 3px !important;margin-left: 3px !important;padding-top: 3px !important;padding-right: 3px !important;padding-bottom: 3px !important;padding-left: 3px !important;}&#8221;]El meu cos \u00e9s MEU i t\u00e9 els mateixos colors que un sem\u00e0for:<\/p>\n<ul>\n<li>El color vermell est\u00e0 format per parts del nostre cos que tant sols nosaltres podem tocar: s\u00f3n les parts \u00edntimes com el penis i la vulva, el cul, la boca, els llavis i el pit. Ni el papa o la mama, i tant sols, en el cas que necessitem ajuda (cures, o moment\u00e0niament a la dutxa).<\/li>\n<li>El color taronja s\u00f3n els genolls, els colzes, l\u2019esquena, la cara, els canells, les mans i les galtes. Donar-nos de la m\u00e0 \u00e9s un acte que ens protegeix per anar al carrer.<\/li>\n<li>El color verd indica que pot ser un xoc de mans, dir hola i adeu amb la m\u00e0 de manera que no hi ha d\u2019haver contacte f\u00edsic.<\/li>\n<\/ul>\n<p>*Les pessigolles<\/p>\n<p>*Recorda, cal parlar sobre el consentiment. Demanar si volen rebre o no un pet\u00f3.<\/p>\n<p>*Els petons i les abra\u00e7ades s\u00f3n actes espontanis i per tant, no suposen ser un\/a mal\/a educada si no vols fer-ne.[\/vc_column_text][vc_empty_space height=&#8221;20px&#8221;][\/vc_column_inner][vc_column_inner width=&#8221;2\/6&#8243;][vc_single_image image=&#8221;637&#8243; img_size=&#8221;full&#8221; alignment=&#8221;center&#8221;][\/vc_column_inner][\/vc_row_inner][vc_empty_space height=&#8221;10px&#8221;][\/vc_column][\/vc_row][vc_row content_placement=&#8221;bottom&#8221; css=&#8221;.vc_custom_1602586768380{margin-top: 0px !important;margin-right: 0px !important;margin-bottom: 0px !important;margin-left: 0px !important;padding-top: 0px !important;padding-right: 0px !important;padding-bottom: 0px !important;padding-left: 0px !important;}&#8221;][vc_column][vc_empty_space height=&#8221;10px&#8221;][vc_row_inner][vc_column_inner width=&#8221;1\/6&#8243;][\/vc_column_inner][vc_column_inner width=&#8221;2\/3&#8243;][vc_column_text css=&#8221;.vc_custom_1602579156961{margin-top: 0px !important;margin-right: 0px !important;margin-bottom: 0px !important;margin-left: 0px !important;padding-top: 3px !important;padding-right: 3px !important;padding-bottom: 3px !important;padding-left: 3px !important;}&#8221;]<\/p>\n<h3 style=\"text-align: center;\"><span style=\"color: #000000;\">Amb la col\u00b7laboraci\u00f3 especial <\/span><\/h3>\n<p>[\/vc_column_text][vc_separator color=&#8221;custom&#8221; border_width=&#8221;2&#8243; css_animation=&#8221;fadeInLeft&#8221; css=&#8221;.vc_custom_1576578278190{margin-top: 3px !important;margin-right: 3px !important;margin-bottom: 3px !important;margin-left: 3px !important;padding-top: 3px !important;padding-right: 3px !important;padding-bottom: 3px !important;padding-left: 3px !important;}&#8221; accent_color=&#8221;#fecd08&#8243;][\/vc_column_inner][vc_column_inner width=&#8221;1\/6&#8243;][\/vc_column_inner][\/vc_row_inner][vc_row_inner][vc_column_inner width=&#8221;1\/4&#8243;][vc_single_image image=&#8221;598&#8243; img_size=&#8221;full&#8221; alignment=&#8221;center&#8221; onclick=&#8221;custom_link&#8221; img_link_target=&#8221;_blank&#8221; link=&#8221;https:\/\/www.instagram.com\/emmaeme_ilustra\/&#8221;][\/vc_column_inner][vc_column_inner width=&#8221;1\/4&#8243;][vc_single_image image=&#8221;592&#8243; img_size=&#8221;full&#8221; alignment=&#8221;center&#8221; onclick=&#8221;custom_link&#8221; img_link_target=&#8221;_blank&#8221; link=&#8221;https:\/\/ambpaciencia.com\/&#8221;][\/vc_column_inner][vc_column_inner width=&#8221;1\/4&#8243;][vc_single_image image=&#8221;594&#8243; img_size=&#8221;full&#8221; alignment=&#8221;center&#8221; onclick=&#8221;custom_link&#8221; img_link_target=&#8221;_blank&#8221; link=&#8221;https:\/\/casadecultura.org\/&#8221;][\/vc_column_inner][vc_column_inner width=&#8221;1\/4&#8243;][vc_single_image image=&#8221;594&#8243; img_size=&#8221;full&#8221; alignment=&#8221;center&#8221; onclick=&#8221;custom_link&#8221; img_link_target=&#8221;_blank&#8221; link=&#8221;http:\/\/www.ddgi.cat\/web\/&#8221;][\/vc_column_inner][\/vc_row_inner][\/vc_column][\/vc_row][vc_row full_width=&#8221;stretch_row&#8221; content_placement=&#8221;middle&#8221; css=&#8221;.vc_custom_1576589055816{background-color: #fecd08 !important;}&#8221;][vc_column][vc_row_inner][vc_column_inner width=&#8221;1\/6&#8243;][\/vc_column_inner][vc_column_inner width=&#8221;2\/3&#8243;][vc_empty_space height=&#8221;10px&#8221;][vc_column_text css=&#8221;.vc_custom_1576662384416{margin-top: 0px !important;margin-right: 0px !important;margin-bottom: 0px !important;margin-left: 0px !important;padding-top: 3px !important;padding-right: 3px !important;padding-bottom: 3px !important;padding-left: 3px !important;}&#8221;]<\/p>\n<h3 style=\"text-align: center;\"><span style=\"color: #000000;\">Contacta amb nosaltres<\/span><\/h3>\n<p>[\/vc_column_text][vc_separator color=&#8221;custom&#8221; border_width=&#8221;2&#8243; css_animation=&#8221;fadeInLeft&#8221; css=&#8221;.vc_custom_1576578291579{margin-top: 3px !important;margin-right: 3px !important;margin-bottom: 3px !important;margin-left: 3px !important;padding-top: 3px !important;padding-right: 3px !important;padding-bottom: 3px !important;padding-left: 3px !important;}&#8221; accent_color=&#8221;#000000&#8243;][\/vc_column_inner][vc_column_inner width=&#8221;1\/6&#8243;][\/vc_column_inner][\/vc_row_inner][vc_row_inner][vc_column_inner width=&#8221;1\/6&#8243;][\/vc_column_inner][vc_column_inner width=&#8221;3\/6&#8243;]\n<div class=\"wpcf7 no-js\" id=\"wpcf7-f142-o1\" lang=\"ca\" dir=\"ltr\" data-wpcf7-id=\"142\">\n<div class=\"screen-reader-response\"><p role=\"status\" aria-live=\"polite\" aria-atomic=\"true\"><\/p> <ul><\/ul><\/div>\n<form action=\"\/ca\/wp-json\/wp\/v2\/pages\/605#wpcf7-f142-o1\" method=\"post\" class=\"wpcf7-form init\" aria-label=\"Formulari de contacte\" novalidate=\"novalidate\" data-status=\"init\">\n<fieldset class=\"hidden-fields-container\"><input type=\"hidden\" name=\"_wpcf7\" value=\"142\" \/><input type=\"hidden\" name=\"_wpcf7_version\" value=\"6.1.5\" \/><input type=\"hidden\" name=\"_wpcf7_locale\" value=\"ca\" \/><input type=\"hidden\" name=\"_wpcf7_unit_tag\" value=\"wpcf7-f142-o1\" \/><input type=\"hidden\" name=\"_wpcf7_container_post\" value=\"0\" \/><input type=\"hidden\" name=\"_wpcf7_posted_data_hash\" value=\"\" \/>\n<\/fieldset>\n<p><span style=\"color: #000000;\"><label> El teu nom* <span class=\"wpcf7-form-control-wrap\" data-name=\"your-name\"><input size=\"40\" maxlength=\"400\" class=\"wpcf7-form-control wpcf7-text wpcf7-validates-as-required\" aria-required=\"true\" aria-invalid=\"false\" value=\"\" type=\"text\" name=\"your-name\" \/><\/span> <\/label> <label> Adre\u00e7a de correu electr\u00f2nic* <span class=\"wpcf7-form-control-wrap\" data-name=\"your-email\"><input size=\"40\" maxlength=\"400\" class=\"wpcf7-form-control wpcf7-email wpcf7-validates-as-required wpcf7-text wpcf7-validates-as-email\" aria-required=\"true\" aria-invalid=\"false\" value=\"\" type=\"email\" name=\"your-email\" \/><\/span> <\/label> <label> Assumpte <span class=\"wpcf7-form-control-wrap\" data-name=\"your-subject\"><input size=\"40\" maxlength=\"400\" class=\"wpcf7-form-control wpcf7-text\" aria-invalid=\"false\" value=\"\" type=\"text\" name=\"your-subject\" \/><\/span> <\/label> <label>Missatge<span class=\"wpcf7-form-control-wrap\" data-name=\"your-message\"><textarea cols=\"40\" rows=\"10\" maxlength=\"2000\" class=\"wpcf7-form-control wpcf7-textarea\" aria-invalid=\"false\" name=\"your-message\"><\/textarea><\/span> <\/label><br \/>\n<\/span>\n<\/p>\n<div>\n\t<lavel>\n\t\t<p><span class=\"wpcf7-form-control-wrap\" data-name=\"acceptance-552\"><span class=\"wpcf7-form-control wpcf7-acceptance\"><span class=\"wpcf7-list-item\"><label><input type=\"checkbox\" name=\"acceptance-552\" value=\"1\" aria-invalid=\"false\" \/><span class=\"wpcf7-list-item-label\"><span style=\"color: #000000;\">He llegit i accepto la<strong><em><u><span style=\"color: #000000;\"><a style=\"color: #000000;\" href=\"https:\/\/associacioreach.org\/avis-legal-i-politica-de-privacitat\/\">pol\u00edtica de privacitat<\/a><\/span>.<\/u><\/em><\/strong><\/span><\/label><\/span><\/span><\/span>\n\t\t<\/p>\n\t<\/lavel>\n<\/div>\n<div>\n\t<lavel>\n\t\t<p><span class=\"wpcf7-form-control-wrap\" data-name=\"acceptance-170\"><span class=\"wpcf7-form-control wpcf7-acceptance optional\"><span class=\"wpcf7-list-item\"><label><input type=\"checkbox\" name=\"acceptance-170\" value=\"1\" aria-invalid=\"false\" \/><span class=\"wpcf7-list-item-label\"><span style=\"color: #000000;\">Autoritzo l&#39;enviament d&#39;informaci\u00f3 comercial i del butllet\u00ed de not\u00edcies.<\/span><\/label><\/span><\/span><\/span>\n\t\t<\/p>\n\t<\/lavel>\n<\/div>\n<div>\n\t<lavel>\n\t\t<p><span style=\"color: #000000;\"><strong>INFORMACI\u00d3 B\u00c0SICA SOBRE PROTECCI\u00d3 DE DADES<\/strong><\/span>\n\t\t<\/p>\n\t\t<ul>\n\t\t\t<li>\n\t\t\t\t<p><span style=\"color: #000000;\"><strong>Responsable del tractament:<\/strong> ASSOCIACI\u00d3 REACH PER A LA PREVENCI\u00d3 DE L'AB\u00daS<\/span>\n\t\t\t\t<\/p>\n\t\t\t<\/li>\n\t\t\t<li>\n\t\t\t\t<p><span style=\"color: #000000;\"><strong>Finalitat del tractament:<\/strong> Mantenir una relaci\u00f3 amb l'Usuari i, si ens autoritza, l'enviament de newsletters, comunicacions comercials i promocions.<\/span>\n\t\t\t\t<\/p>\n\t\t\t<\/li>\n\t\t\t<li>\n\t\t\t\t<p><span style=\"color: #000000;\"><strong>Legitimaci\u00f3 del tractament:<\/strong> Inter\u00e8s leg\u00edtim i consentiment de l'interessat\/da.<\/span>\n\t\t\t\t<\/p>\n\t\t\t<\/li>\n\t\t\t<li>\n\t\t\t\t<p><span style=\"color: #000000;\"><strong>Conservaci\u00f3 de les dades:<\/strong> Es conservaran durant el temps que hi hagi un inter\u00e8s mutu o durant el temps que sigui necessari per al compliment d'obligacions legals.<\/span>\n\t\t\t\t<\/p>\n\t\t\t<\/li>\n\t\t\t<li>\n\t\t\t\t<p><span style=\"color: #000000;\"><strong>Destinataris:<\/strong> Prestadors de serveis o col\u00b7laboradors. <\/span>\n\t\t\t\t<\/p>\n\t\t\t<\/li>\n\t\t\t<li>\n\t\t\t\t<p><span style=\"color: #000000;\"><strong>Drets<\/strong>: Dret a retirar el consentiment en qualsevol moment. Dret d'acc\u00e9s, rectificaci\u00f3, portabilitat i supressi\u00f3 de les seves dades i de la limitaci\u00f3 o oposici\u00f3 al seu tractament. Dades de contacte per exercir els teus drets: associacioreach@gmail.com<\/span>\n\t\t\t\t<\/p>\n\t\t\t<\/li>\n\t\t\t<li>\n\t\t\t\t<p><span style=\"color: #000000;\">I<strong>nformaci\u00f3 addicional:<\/strong> Podeu trobar m\u00e9s informaci\u00f3 a la nostra <a style=\"color: #000000;\" href=\"https:\/\/associacioreach.org\/aviso-legal-y-politica-de-privacidad\/\" target=\"_blank\" rel=\"noopener\">Pol\u00edtica de Privacitat.<\/a><\/span>\n\t\t\t\t<\/p>\n\t\t\t<\/li>\n\t\t<\/ul>\n\t<\/lavel>\n<\/div>\n<p><BUTTON><input class=\"wpcf7-form-control wpcf7-submit has-spinner\" type=\"submit\" value=\"ENVIAR MISSATGE\" \/><\/button>\n<\/p><div class=\"wpcf7-response-output\" aria-hidden=\"true\"><\/div>\n<\/form>\n<\/div>\n[\/vc_column_inner][vc_column_inner width=&#8221;1\/6&#8243;][vc_empty_space height=&#8221;1px&#8221;][vc_btn title=&#8221;Instagram&#8221; style=&#8221;outline-custom&#8221; outline_custom_color=&#8221;#000000&#8243; outline_custom_hover_background=&#8221;#fecd08&#8243; outline_custom_hover_text=&#8221;#ffffff&#8221; shape=&#8221;round&#8221; size=&#8221;sm&#8221; align=&#8221;center&#8221; i_icon_fontawesome=&#8221;fa fa-instagram&#8221; button_block=&#8221;true&#8221; add_icon=&#8221;true&#8221; link=&#8221;url:https%3A%2F%2Fwww.instagram.com%2Fassociacioreach%2F||target:%20_blank|&#8221;][vc_btn title=&#8221;YouTube&#8221; style=&#8221;outline-custom&#8221; outline_custom_color=&#8221;#000000&#8243; outline_custom_hover_background=&#8221;#fecd08&#8243; outline_custom_hover_text=&#8221;#ffffff&#8221; shape=&#8221;round&#8221; size=&#8221;sm&#8221; align=&#8221;center&#8221; i_icon_fontawesome=&#8221;fa fa-youtube&#8221; button_block=&#8221;true&#8221; add_icon=&#8221;true&#8221; link=&#8221;url:https%3A%2F%2Fwww.youtube.com%2Fchannel%2FUCXaJyz-B3Z5OdlqE2TqlTpA||target:%20_blank|&#8221;][vc_btn title=&#8221;Facebook&#8221; style=&#8221;outline-custom&#8221; outline_custom_color=&#8221;#000000&#8243; outline_custom_hover_background=&#8221;#fecd08&#8243; outline_custom_hover_text=&#8221;#ffffff&#8221; shape=&#8221;round&#8221; size=&#8221;sm&#8221; align=&#8221;center&#8221; i_icon_fontawesome=&#8221;fa fa-facebook&#8221; button_block=&#8221;true&#8221; add_icon=&#8221;true&#8221; link=&#8221;url:https%3A%2F%2Fwww.facebook.com%2FAsociaci%25C3%25B3n-Reach-NGO-152628231734983%2F%3Fepa%3DSEARCH_BOX||target:%20_blank|&#8221;][vc_btn title=&#8221;Ripoll i Girona&#8221; style=&#8221;outline-custom&#8221; outline_custom_color=&#8221;#000000&#8243; outline_custom_hover_background=&#8221;#fecd08&#8243; outline_custom_hover_text=&#8221;#ffffff&#8221; shape=&#8221;round&#8221; size=&#8221;sm&#8221; align=&#8221;center&#8221; i_icon_fontawesome=&#8221;fa fa-map-marker&#8221; button_block=&#8221;true&#8221; add_icon=&#8221;true&#8221; link=&#8221;|||&#8221;][\/vc_column_inner][vc_column_inner width=&#8221;1\/6&#8243;][\/vc_column_inner][\/vc_row_inner][\/vc_column][\/vc_row][vc_row full_width=&#8221;stretch_row_content&#8221; content_placement=&#8221;middle&#8221; css=&#8221;.vc_custom_1576064989646{background-color: #ffffff !important;}&#8221;][vc_column width=&#8221;1\/6&#8243;][\/vc_column][vc_column width=&#8221;2\/3&#8243;][vc_empty_space][vc_separator color=&#8221;custom&#8221; border_width=&#8221;4&#8243; css_animation=&#8221;bounceInUp&#8221; accent_color=&#8221;#fecd08&#8243;][vc_column_text]<\/p>\n<h3 style=\"text-align: center;\"><strong><span style=\"color: #000000;\">Si detectes o est\u00e0s patint ab\u00fas sexual infantil<\/span><\/strong><\/h3>\n<h3 style=\"text-align: center;\"><strong><span style=\"color: #000000;\">#INF\u00c0NCIARESPON<\/span><\/strong><\/h3>\n<h3 style=\"text-align: center;\"><strong><span style=\"color: #000000;\">116 111<\/span><\/strong><\/h3>\n<p>[\/vc_column_text][vc_btn title=&#8221;Tens dubtes i t\u2019agradaria parlar amb un professional?&#8221; style=&#8221;outline-custom&#8221; outline_custom_color=&#8221;#000000&#8243; outline_custom_hover_background=&#8221;#fecd08&#8243; outline_custom_hover_text=&#8221;#ffffff&#8221; shape=&#8221;round&#8221; size=&#8221;lg&#8221; align=&#8221;center&#8221; i_icon_fontawesome=&#8221;fa fa-comments-o&#8221; button_block=&#8221;true&#8221; add_icon=&#8221;true&#8221; link=&#8221;url:https%3A%2F%2Fassociacioreach.org%2Fdemana-ajuda%2F|title:DEMANA%20AJUDA||&#8221;][vc_separator color=&#8221;custom&#8221; border_width=&#8221;4&#8243; css_animation=&#8221;bounceInDown&#8221; accent_color=&#8221;#fecd08&#8243;][vc_empty_space][\/vc_column][vc_column width=&#8221;1\/6&#8243;][\/vc_column][\/vc_row][vc_row full_width=&#8221;stretch_row_content&#8221; css=&#8221;.vc_custom_1576144966683{background-color: #fecd08 !important;}&#8221;][vc_column][vc_column_text][instagram-feed][\/vc_column_text][\/vc_column][\/vc_row][vc_row][vc_column][\/vc_column][\/vc_row]<\/p>\n","protected":false},"excerpt":{"rendered":"<p>[vc_row full_width=&#8221;stretch_row_content_no_spaces&#8221; full_height=&#8221;yes&#8221; columns_placement=&#8221;top&#8221; content_placement=&#8221;top&#8221; parallax=&#8221;content-moving-fade&#8221; parallax_image=&#8221;612&#8243; parallax_speed_bg=&#8221;1&#8243;][vc_column css_animation=&#8221;left-to-right&#8221; css=&#8221;.vc_custom_1575633000367{margin: 32px !important;padding: 32px !important;border: 32px initial !important;}&#8221;][vc_empty_space height=&#8221;250px&#8221;][vc_row_inner][vc_column_inner width=&#8221;2\/3&#8243;][vc_column_text] TAB\u00da Illustracions d\u2019Emma Morales Ruiz i Associaci\u00f3<span class=\"excerpt-hellip\"> [\u2026]<\/span><\/p>\n","protected":false},"author":1,"featured_media":612,"parent":0,"menu_order":0,"comment_status":"closed","ping_status":"closed","template":"","meta":{"footnotes":""},"class_list":["post-605","page","type-page","status-publish","has-post-thumbnail","hentry"],"_links":{"self":[{"href":"https:\/\/associacioreach.org\/ca\/wp-json\/wp\/v2\/pages\/605","targetHints":{"allow":["GET"]}}],"collection":[{"href":"https:\/\/associacioreach.org\/ca\/wp-json\/wp\/v2\/pages"}],"about":[{"href":"https:\/\/associacioreach.org\/ca\/wp-json\/wp\/v2\/types\/page"}],"author":[{"embeddable":true,"href":"https:\/\/associacioreach.org\/ca\/wp-json\/wp\/v2\/users\/1"}],"replies":[{"embeddable":true,"href":"https:\/\/associacioreach.org\/ca\/wp-json\/wp\/v2\/comments?post=605"}],"version-history":[{"count":22,"href":"https:\/\/associacioreach.org\/ca\/wp-json\/wp\/v2\/pages\/605\/revisions"}],"predecessor-version":[{"id":654,"href":"https:\/\/associacioreach.org\/ca\/wp-json\/wp\/v2\/pages\/605\/revisions\/654"}],"wp:featuredmedia":[{"embeddable":true,"href":"https:\/\/associacioreach.org\/ca\/wp-json\/wp\/v2\/media\/612"}],"wp:attachment":[{"href":"https:\/\/associacioreach.org\/ca\/wp-json\/wp\/v2\/media?parent=605"}],"curies":[{"name":"wp","href":"https:\/\/api.w.org\/{rel}","templated":true}]}}